{"id":7225,"date":"2024-10-02T15:36:56","date_gmt":"2024-10-02T13:36:56","guid":{"rendered":"https:\/\/buonissimatorino.it\/?post_type=ristoranti&#038;p=7225"},"modified":"2025-10-09T17:34:09","modified_gmt":"2025-10-09T15:34:09","slug":"together","status":"publish","type":"ristoranti","link":"https:\/\/buonissimatorino.it\/en\/restaurants\/together\/","title":{"rendered":"INSIEME dal Clandestino"},"content":{"rendered":"<div data-elementor-type=\"wp-post\" data-elementor-id=\"7225\" class=\"elementor elementor-7225\" data-elementor-post-type=\"ristoranti\">\n\t\t\t\t<div class=\"elementor-element elementor-element-183b1520 e-flex e-con-boxed e-con e-parent\" data-id=\"183b1520\" data-element_type=\"container\">\n\t\t\t\t\t<div class=\"e-con-inner\">\n\t\t\t\t<div class=\"elementor-element elementor-element-14b69ec4 elementor-widget elementor-widget-text-editor\" data-id=\"14b69ec4\" data-element_type=\"widget\" data-widget_type=\"text-editor.default\">\n\t\t\t\t<div class=\"elementor-widget-container\">\n\t\t\t\t\t\t\t\t\t<p>Ded Gaci&#039;s culinary philosophy is based on authenticity, seasonality, and thoughtful influences. For him, each dish is first and foremost a tribute to the Piedmont region: the ingredients are carefully selected, often sourced from small local producers or Slow Food Presidia, respecting the seasons and offering authentic flavors.<br \/>But authentic doesn&#039;t mean retro: Gaci loves experimenting with unusual combinations, bringing an international touch where needed, reinventing classic recipes without distorting them. <br \/>The goal is to offer cuisine that excites yet remains understandable, that surprises but doesn&#039;t confuse; that invites you to return not just to savor a dish, but to feel part of an authentic, warm, and inclusive experience. Ded Gaci believes that cuisine should tell stories, evoke memories, but also look forward: it&#039;s the dialogue between roots and vision that brings his work to life.<\/p>\t\t\t\t\t\t\t\t<\/div>\n\t\t\t\t<\/div>\n\t\t<div class=\"elementor-element elementor-element-0732746 e-con-full e-flex e-con e-child\" data-id=\"0732746\" data-element_type=\"container\">\n\t\t\t\t<div class=\"elementor-element elementor-element-415d128 elementor-widget__width-inherit elementor-widget elementor-widget-heading\" data-id=\"415d128\" data-element_type=\"widget\" data-widget_type=\"heading.default\">\n\t\t\t\t<div class=\"elementor-widget-container\">\n\t\t\t\t\t<h3 class=\"elementor-heading-title elementor-size-default\">Metti Torino a cena<\/h3>\t\t\t\t<\/div>\n\t\t\t\t<\/div>\n\t\t\t\t<div class=\"elementor-element elementor-element-a75bb4b elementor-widget__width-inherit elementor-widget elementor-widget-heading\" data-id=\"a75bb4b\" data-element_type=\"widget\" data-widget_type=\"heading.default\">\n\t\t\t\t<div class=\"elementor-widget-container\">\n\t\t\t\t\t<h5 class=\"elementor-heading-title elementor-size-default\">la cena a 4 mani<\/h5>\t\t\t\t<\/div>\n\t\t\t\t<\/div>\n\t\t\t\t<div class=\"elementor-element elementor-element-a57f6f3 elementor-widget elementor-widget-text-editor\" data-id=\"a57f6f3\" data-element_type=\"widget\" data-widget_type=\"text-editor.default\">\n\t\t\t\t<div class=\"elementor-widget-container\">\n\t\t\t\t\t\t\t\t\t&#8211; <p>Thursday, October 23 \u2013 8:00 PM<\/p>\n\t\t\t\t\t\t\t\t<\/div>\n\t\t\t\t<\/div>\n\t\t\t\t<div class=\"elementor-element elementor-element-385055b elenco-paragrafo elementor-widget elementor-widget-text-editor\" data-id=\"385055b\" data-element_type=\"widget\" data-widget_type=\"text-editor.default\">\n\t\t\t\t<div class=\"elementor-widget-container\">\n\t\t\t\t\t\t\t\t\t<p><strong>Dedicated menu:<\/strong><\/p><p><strong>ENTREE<\/strong><\/p><p><strong>APPETIZERS<\/strong><br \/>Pepper and green sauce<\/p><p>Cauliflower and cod<\/p><p><strong>FIRST COURSES<\/strong><br \/>Spaghetti alla chitarra, corn on the cob and mantis shrimp<\/p><p>Risotto with leeks, potatoes, and Cherasco snails<\/p><p><strong>SECOND COURSES<\/strong><br \/>Beef and porcini mushrooms<\/p><p>Pheasant and strawberry grapes<\/p><p><strong>SWEETS<\/strong><br \/>Persimmons, hazelnuts and chantilly<\/p><p>Pumpkin and chocolate with thyme<\/p><p><strong>SMALL PASTRY SHOP<\/strong><\/p><p><strong>The price is \u20ac80 <br \/><\/strong><strong>Pairing wines included<br \/><\/strong><\/p>\t\t\t\t\t\t\t\t<\/div>\n\t\t\t\t<\/div>\n\t\t\t\t<div class=\"elementor-element elementor-element-39f4965 elementor-grid-2 elementor-grid-tablet-2 elementor-grid-mobile-1 elementor-widget elementor-widget-loop-grid\" data-id=\"39f4965\" data-element_type=\"widget\" data-settings=\"{&quot;template_id&quot;:&quot;5267&quot;,&quot;columns&quot;:2,&quot;_skin&quot;:&quot;post&quot;,&quot;columns_tablet&quot;:&quot;2&quot;,&quot;columns_mobile&quot;:&quot;1&quot;,&quot;edit_handle_selector&quot;:&quot;[data-elementor-type=\\&quot;loop-item\\&quot;]&quot;,&quot;row_gap&quot;:{&quot;unit&quot;:&quot;px&quot;,&quot;size&quot;:&quot;&quot;,&quot;sizes&quot;:[]},&quot;row_gap_widescreen&quot;:{&quot;unit&quot;:&quot;px&quot;,&quot;size&quot;:&quot;&quot;,&quot;sizes&quot;:[]},&quot;row_gap_tablet&quot;:{&quot;unit&quot;:&quot;px&quot;,&quot;size&quot;:&quot;&quot;,&quot;sizes&quot;:[]},&quot;row_gap_mobile&quot;:{&quot;unit&quot;:&quot;px&quot;,&quot;size&quot;:&quot;&quot;,&quot;sizes&quot;:[]}}\" data-widget_type=\"loop-grid.post\">\n\t\t\t\t<div class=\"elementor-widget-container\">\n\t\t\t\t\t\t\t<div class=\"elementor-loop-container elementor-grid\" role=\"list\">\n\t\t<style id=\"loop-5267\">.elementor-5267 .elementor-element.elementor-element-68474cec{--display:flex;--flex-direction:column;--container-widget-width:100%;--container-widget-height:initial;--container-widget-flex-grow:0;--container-widget-align-self:initial;--flex-wrap-mobile:wrap;--gap:10px 10px;--row-gap:10px;--column-gap:10px;--padding-top:0px;--padding-bottom:0px;--padding-left:0px;--padding-right:0px;}.elementor-widget-image .widget-image-caption{color:var( --e-global-color-text );}.elementor-widget-theme-post-title .elementor-heading-title{color:var( --e-global-color-primary );}.elementor-5267 .elementor-element.elementor-element-56557e4 > .elementor-widget-container{margin:0px 0px 0px 0px;}.elementor-5267 .elementor-element.elementor-element-56557e4 .elementor-heading-title{font-size:24px;font-weight:800;text-transform:uppercase;line-height:1.2em;color:var( --e-global-color-text );}.elementor-widget-text-editor{color:var( --e-global-color-text );}.elementor-widget-text-editor.elementor-drop-cap-view-stacked .elementor-drop-cap{background-color:var( --e-global-color-primary );}.elementor-widget-text-editor.elementor-drop-cap-view-framed .elementor-drop-cap, .elementor-widget-text-editor.elementor-drop-cap-view-default .elementor-drop-cap{color:var( --e-global-color-primary );border-color:var( --e-global-color-primary );}.elementor-5267 .elementor-element.elementor-element-86ff771 > .elementor-widget-container{margin:-5px 0px 0px 0px;}.elementor-5267 .elementor-element.elementor-element-86ff771{font-size:18px;font-weight:400;}.elementor-5267 .elementor-element.elementor-element-df3b106{--display:flex;--flex-direction:row;--container-widget-width:initial;--container-widget-height:100%;--container-widget-flex-grow:1;--container-widget-align-self:stretch;--flex-wrap-mobile:wrap;--gap:5px 5px;--row-gap:5px;--column-gap:5px;--padding-top:0px;--padding-bottom:0px;--padding-left:0px;--padding-right:0px;}.elementor-5267 .elementor-element.elementor-element-10de943 > .elementor-widget-container{margin:0px 5px 0px 0px;}.elementor-5267 .elementor-element.elementor-element-10de943.elementor-element{--align-self:center;}.elementor-5267 .elementor-element.elementor-element-10de943{font-size:16px;font-weight:400;color:var( --e-global-color-text );}.elementor-5267 .elementor-element.elementor-element-c191ae1 img{width:100%;max-width:25px;}.elementor-5267 .elementor-element.elementor-element-a0d8bc3 img{width:100%;max-width:25px;}.elementor-5267 .elementor-element.elementor-element-240b448 img{width:100%;max-width:25px;}.elementor-5267 .elementor-element.elementor-element-3d29aaf img{width:100%;max-width:25px;}<\/style>\t\t<div data-elementor-type=\"loop-item\" data-elementor-id=\"5267\" class=\"elementor elementor-5267 e-loop-item e-loop-item-7215 post-7215 team type-team status-publish has-post-thumbnail hentry team_category-edizione-2025 team_category-metti-torino-a-cena\" data-elementor-post-type=\"elementor_library\" data-custom-edit-handle=\"1\">\n\t\t\t<div class=\"elementor-element elementor-element-68474cec e-flex e-con-boxed e-con e-parent\" data-id=\"68474cec\" data-element_type=\"container\">\n\t\t\t\t\t<div class=\"e-con-inner\">\n\t\t\t\t<div class=\"elementor-element elementor-element-18929d8 elementor-widget elementor-widget-image\" data-id=\"18929d8\" data-element_type=\"widget\" data-widget_type=\"image.default\">\n\t\t\t\t<div class=\"elementor-widget-container\">\n\t\t\t\t\t\t\t\t\t\t\t\t\t\t\t\t<a href=\"https:\/\/buonissimatorino.it\/en\/guests\/ded-gaci\/\">\n\t\t\t\t\t\t\t<img fetchpriority=\"high\" decoding=\"async\" width=\"768\" height=\"768\" src=\"https:\/\/buonissimatorino.it\/wp-content\/uploads\/2024\/10\/Ded-Ganci-768x768.webp\" class=\"attachment-medium_large size-medium_large wp-image-7216\" alt=\"\" srcset=\"https:\/\/buonissimatorino.it\/wp-content\/uploads\/2024\/10\/Ded-Ganci-768x768.webp 768w, https:\/\/buonissimatorino.it\/wp-content\/uploads\/2024\/10\/Ded-Ganci-300x300.webp 300w, https:\/\/buonissimatorino.it\/wp-content\/uploads\/2024\/10\/Ded-Ganci-150x150.webp 150w, https:\/\/buonissimatorino.it\/wp-content\/uploads\/2024\/10\/Ded-Ganci-12x12.webp 12w, https:\/\/buonissimatorino.it\/wp-content\/uploads\/2024\/10\/Ded-Ganci.webp 1080w\" sizes=\"(max-width: 768px) 100vw, 768px\" \/>\t\t\t\t\t\t\t\t<\/a>\n\t\t\t\t\t\t\t\t\t\t\t\t\t\t\t<\/div>\n\t\t\t\t<\/div>\n\t\t\t\t<div class=\"elementor-element elementor-element-56557e4 elementor-widget elementor-widget-theme-post-title elementor-page-title elementor-widget-heading\" data-id=\"56557e4\" data-element_type=\"widget\" data-widget_type=\"theme-post-title.default\">\n\t\t\t\t<div class=\"elementor-widget-container\">\n\t\t\t\t\t<h5 class=\"elementor-heading-title elementor-size-default\"><a href=\"https:\/\/buonissimatorino.it\/en\/guests\/ded-gaci\/\">Ded Gaci<\/a><\/h5>\t\t\t\t<\/div>\n\t\t\t\t<\/div>\n\t\t\t\t<div class=\"elementor-element elementor-element-86ff771 elementor-widget elementor-widget-text-editor\" data-id=\"86ff771\" data-element_type=\"widget\" data-widget_type=\"text-editor.default\">\n\t\t\t\t<div class=\"elementor-widget-container\">\n\t\t\t\t\t\t\t\t\tRistorante Insieme &#8211; Dal Clandestino, Torino, Italia \t\t\t\t\t\t\t\t<\/div>\n\t\t\t\t<\/div>\n\t\t<div class=\"elementor-element elementor-element-df3b106 e-con-full e-flex e-con e-child\" data-id=\"df3b106\" data-element_type=\"container\">\n\t\t\t\t<\/div>\n\t\t\t\t\t<\/div>\n\t\t\t\t<\/div>\n\t\t\t\t<\/div>\n\t\t\t\t<div data-elementor-type=\"loop-item\" data-elementor-id=\"5267\" class=\"elementor elementor-5267 e-loop-item e-loop-item-14174 post-14174 team type-team status-publish has-post-thumbnail hentry team_category-edizione-2025 team_category-metti-torino-a-cena\" data-elementor-post-type=\"elementor_library\" data-custom-edit-handle=\"1\">\n\t\t\t<div class=\"elementor-element elementor-element-68474cec e-flex e-con-boxed e-con e-parent\" data-id=\"68474cec\" data-element_type=\"container\">\n\t\t\t\t\t<div class=\"e-con-inner\">\n\t\t\t\t<div class=\"elementor-element elementor-element-18929d8 elementor-widget elementor-widget-image\" data-id=\"18929d8\" data-element_type=\"widget\" data-widget_type=\"image.default\">\n\t\t\t\t<div class=\"elementor-widget-container\">\n\t\t\t\t\t\t\t\t\t\t\t\t\t\t\t\t<a href=\"https:\/\/buonissimatorino.it\/en\/guests\/matteo-monfrinotti-and-sebastiano-pagliaro\/\">\n\t\t\t\t\t\t\t<img decoding=\"async\" width=\"768\" height=\"768\" src=\"https:\/\/buonissimatorino.it\/wp-content\/uploads\/2025\/10\/Matteo-e-Sebastiano-768x768.webp\" class=\"attachment-medium_large size-medium_large wp-image-14321\" alt=\"Matteo and Sebastiano\" srcset=\"https:\/\/buonissimatorino.it\/wp-content\/uploads\/2025\/10\/Matteo-e-Sebastiano-768x768.webp 768w, https:\/\/buonissimatorino.it\/wp-content\/uploads\/2025\/10\/Matteo-e-Sebastiano-300x300.webp 300w, https:\/\/buonissimatorino.it\/wp-content\/uploads\/2025\/10\/Matteo-e-Sebastiano-150x150.webp 150w, https:\/\/buonissimatorino.it\/wp-content\/uploads\/2025\/10\/Matteo-e-Sebastiano-12x12.webp 12w, https:\/\/buonissimatorino.it\/wp-content\/uploads\/2025\/10\/Matteo-e-Sebastiano.webp 1080w\" sizes=\"(max-width: 768px) 100vw, 768px\" \/>\t\t\t\t\t\t\t\t<\/a>\n\t\t\t\t\t\t\t\t\t\t\t\t\t\t\t<\/div>\n\t\t\t\t<\/div>\n\t\t\t\t<div class=\"elementor-element elementor-element-56557e4 elementor-widget elementor-widget-theme-post-title elementor-page-title elementor-widget-heading\" data-id=\"56557e4\" data-element_type=\"widget\" data-widget_type=\"theme-post-title.default\">\n\t\t\t\t<div class=\"elementor-widget-container\">\n\t\t\t\t\t<h5 class=\"elementor-heading-title elementor-size-default\"><a href=\"https:\/\/buonissimatorino.it\/en\/guests\/matteo-monfrinotti-and-sebastiano-pagliaro\/\">Matteo Monfrinotti and Sebastiano Pagliaro<\/a><\/h5>\t\t\t\t<\/div>\n\t\t\t\t<\/div>\n\t\t\t\t<div class=\"elementor-element elementor-element-86ff771 elementor-widget elementor-widget-text-editor\" data-id=\"86ff771\" data-element_type=\"widget\" data-widget_type=\"text-editor.default\">\n\t\t\t\t<div class=\"elementor-widget-container\">\n\t\t\t\t\t\t\t\t\tLa Darbia, Lago d&#8217;Orta (NO), Italia \t\t\t\t\t\t\t\t<\/div>\n\t\t\t\t<\/div>\n\t\t<div class=\"elementor-element elementor-element-df3b106 e-con-full e-flex e-con e-child\" data-id=\"df3b106\" data-element_type=\"container\">\n\t\t\t\t<\/div>\n\t\t\t\t\t<\/div>\n\t\t\t\t<\/div>\n\t\t\t\t<\/div>\n\t\t\t\t<\/div>\n\t\t\n\t\t\t\t\t\t<\/div>\n\t\t\t\t<\/div>\n\t\t\t\t<\/div>\n\t\t\t\t\t<\/div>\n\t\t\t\t<\/div>\n\t\t\t\t<\/div>","protected":false},"excerpt":{"rendered":"<p>La filosofia culinaria di Ded Gaci si fonda su autenticit\u00e0, stagionalit\u00e0 e contaminazione ragionata. Per lui ogni piatto \u00e8 innanzitutto un omaggio al territorio piemontese: le materie prime sono selezionate con cura, spesso provenienti da piccoli produttori locali o presidi Slow Food, con stagioni rispettate e sapori veri.Ma autentico non significa retr\u00f2: Gaci ama sperimentare [&hellip;]<\/p>","protected":false},"featured_media":7229,"template":"","meta":{"_acf_changed":false},"categories":[79,1],"tags":[],"class_list":["post-7225","ristoranti","type-ristoranti","status-publish","has-post-thumbnail","hentry","category-edizione-2025","category-metti-torino-a-cena"],"acf":[],"yoast_head":"<!-- This site is optimized with the Yoast SEO plugin v26.7 - https:\/\/yoast.com\/wordpress\/plugins\/seo\/ -->\n<title>INSIEME dal Clandestino - Buonissima Torino<\/title>\n<meta name=\"description\" content=\"INSIEME dal Clandestino, in occasione di Buonissima 2024, parteciper\u00e0 a Metti Torino a cena, con un menu dedicato e uno chef ospite. Scopri di pi\u00f9\" \/>\n<meta name=\"robots\" content=\"index, follow, max-snippet:-1, max-image-preview:large, max-video-preview:-1\" \/>\n<link rel=\"canonical\" href=\"https:\/\/buonissimatorino.it\/en\/restaurants\/together\/\" \/>\n<meta property=\"og:locale\" content=\"en_GB\" \/>\n<meta property=\"og:type\" content=\"article\" \/>\n<meta property=\"og:title\" content=\"INSIEME dal Clandestino - Buonissima Torino\" \/>\n<meta property=\"og:description\" content=\"INSIEME dal Clandestino, in occasione di Buonissima 2024, parteciper\u00e0 a Metti Torino a cena, con un menu dedicato e uno chef ospite. Scopri di pi\u00f9\" \/>\n<meta property=\"og:url\" content=\"https:\/\/buonissimatorino.it\/en\/restaurants\/together\/\" \/>\n<meta property=\"og:site_name\" content=\"Buonissima Torino\" \/>\n<meta property=\"article:modified_time\" content=\"2025-10-09T15:34:09+00:00\" \/>\n<meta property=\"og:image\" content=\"https:\/\/buonissimatorino.it\/wp-content\/uploads\/2024\/10\/Insieme.webp\" \/>\n\t<meta property=\"og:image:width\" content=\"1080\" \/>\n\t<meta property=\"og:image:height\" content=\"1080\" \/>\n\t<meta property=\"og:image:type\" content=\"image\/webp\" \/>\n<meta name=\"twitter:card\" content=\"summary_large_image\" \/>\n<meta name=\"twitter:label1\" content=\"Estimated reading time\" \/>\n\t<meta name=\"twitter:data1\" content=\"3 minutes\" \/>\n<script type=\"application\/ld+json\" class=\"yoast-schema-graph\">{\"@context\":\"https:\/\/schema.org\",\"@graph\":[{\"@type\":\"WebPage\",\"@id\":\"https:\/\/buonissimatorino.it\/ristoranti\/insieme\/\",\"url\":\"https:\/\/buonissimatorino.it\/ristoranti\/insieme\/\",\"name\":\"INSIEME dal Clandestino - Buonissima Torino\",\"isPartOf\":{\"@id\":\"https:\/\/buonissimatorino.it\/#website\"},\"primaryImageOfPage\":{\"@id\":\"https:\/\/buonissimatorino.it\/ristoranti\/insieme\/#primaryimage\"},\"image\":{\"@id\":\"https:\/\/buonissimatorino.it\/ristoranti\/insieme\/#primaryimage\"},\"thumbnailUrl\":\"https:\/\/buonissimatorino.it\/wp-content\/uploads\/2024\/10\/Insieme.webp\",\"datePublished\":\"2024-10-02T13:36:56+00:00\",\"dateModified\":\"2025-10-09T15:34:09+00:00\",\"description\":\"INSIEME dal Clandestino, in occasione di Buonissima 2024, parteciper\u00e0 a Metti Torino a cena, con un menu dedicato e uno chef ospite. Scopri di pi\u00f9\",\"breadcrumb\":{\"@id\":\"https:\/\/buonissimatorino.it\/ristoranti\/insieme\/#breadcrumb\"},\"inLanguage\":\"en-GB\",\"potentialAction\":[{\"@type\":\"ReadAction\",\"target\":[\"https:\/\/buonissimatorino.it\/ristoranti\/insieme\/\"]}]},{\"@type\":\"ImageObject\",\"inLanguage\":\"en-GB\",\"@id\":\"https:\/\/buonissimatorino.it\/ristoranti\/insieme\/#primaryimage\",\"url\":\"https:\/\/buonissimatorino.it\/wp-content\/uploads\/2024\/10\/Insieme.webp\",\"contentUrl\":\"https:\/\/buonissimatorino.it\/wp-content\/uploads\/2024\/10\/Insieme.webp\",\"width\":1080,\"height\":1080,\"caption\":\"Insieme - Metti Torino a Cena, Cena a 4 mani - Buonissima 2024\"},{\"@type\":\"BreadcrumbList\",\"@id\":\"https:\/\/buonissimatorino.it\/ristoranti\/insieme\/#breadcrumb\",\"itemListElement\":[{\"@type\":\"ListItem\",\"position\":1,\"name\":\"Home\",\"item\":\"https:\/\/buonissimatorino.it\/\"},{\"@type\":\"ListItem\",\"position\":2,\"name\":\"Ristoranti\",\"item\":\"https:\/\/buonissimatorino.it\/ristoranti\/\"},{\"@type\":\"ListItem\",\"position\":3,\"name\":\"INSIEME dal Clandestino\"}]},{\"@type\":\"WebSite\",\"@id\":\"https:\/\/buonissimatorino.it\/#website\",\"url\":\"https:\/\/buonissimatorino.it\/\",\"name\":\"Buonissima Torino\",\"description\":\"Cibo, Arte e Bellezza\",\"publisher\":{\"@id\":\"https:\/\/buonissimatorino.it\/#organization\"},\"potentialAction\":[{\"@type\":\"SearchAction\",\"target\":{\"@type\":\"EntryPoint\",\"urlTemplate\":\"https:\/\/buonissimatorino.it\/?s={search_term_string}\"},\"query-input\":{\"@type\":\"PropertyValueSpecification\",\"valueRequired\":true,\"valueName\":\"search_term_string\"}}],\"inLanguage\":\"en-GB\"},{\"@type\":\"Organization\",\"@id\":\"https:\/\/buonissimatorino.it\/#organization\",\"name\":\"Buonissima Torino\",\"url\":\"https:\/\/buonissimatorino.it\/\",\"logo\":{\"@type\":\"ImageObject\",\"inLanguage\":\"en-GB\",\"@id\":\"https:\/\/buonissimatorino.it\/#\/schema\/logo\/image\/\",\"url\":\"https:\/\/buonissimatorino.it\/wp-content\/uploads\/2024\/05\/Buonissima-Logo.png\",\"contentUrl\":\"https:\/\/buonissimatorino.it\/wp-content\/uploads\/2024\/05\/Buonissima-Logo.png\",\"width\":350,\"height\":100,\"caption\":\"Buonissima Torino\"},\"image\":{\"@id\":\"https:\/\/buonissimatorino.it\/#\/schema\/logo\/image\/\"}}]}<\/script>\n<!-- \/ Yoast SEO plugin. -->","yoast_head_json":{"title":"TOGETHER from Clandestino - Buonissima Torino","description":"INSIEME dal Clandestino, on the occasion of Buonissima 2024, will participate in Metti Torino a cena, with a dedicated menu and a guest chef. Find out more","robots":{"index":"index","follow":"follow","max-snippet":"max-snippet:-1","max-image-preview":"max-image-preview:large","max-video-preview":"max-video-preview:-1"},"canonical":"https:\/\/buonissimatorino.it\/en\/restaurants\/together\/","og_locale":"en_GB","og_type":"article","og_title":"INSIEME dal Clandestino - Buonissima Torino","og_description":"INSIEME dal Clandestino, in occasione di Buonissima 2024, parteciper\u00e0 a Metti Torino a cena, con un menu dedicato e uno chef ospite. Scopri di pi\u00f9","og_url":"https:\/\/buonissimatorino.it\/en\/restaurants\/together\/","og_site_name":"Buonissima Torino","article_modified_time":"2025-10-09T15:34:09+00:00","og_image":[{"width":1080,"height":1080,"url":"https:\/\/buonissimatorino.it\/wp-content\/uploads\/2024\/10\/Insieme.webp","type":"image\/webp"}],"twitter_card":"summary_large_image","twitter_misc":{"Estimated reading time":"3 minutes"},"schema":{"@context":"https:\/\/schema.org","@graph":[{"@type":"WebPage","@id":"https:\/\/buonissimatorino.it\/ristoranti\/insieme\/","url":"https:\/\/buonissimatorino.it\/ristoranti\/insieme\/","name":"TOGETHER from Clandestino - Buonissima Torino","isPartOf":{"@id":"https:\/\/buonissimatorino.it\/#website"},"primaryImageOfPage":{"@id":"https:\/\/buonissimatorino.it\/ristoranti\/insieme\/#primaryimage"},"image":{"@id":"https:\/\/buonissimatorino.it\/ristoranti\/insieme\/#primaryimage"},"thumbnailUrl":"https:\/\/buonissimatorino.it\/wp-content\/uploads\/2024\/10\/Insieme.webp","datePublished":"2024-10-02T13:36:56+00:00","dateModified":"2025-10-09T15:34:09+00:00","description":"INSIEME dal Clandestino, on the occasion of Buonissima 2024, will participate in Metti Torino a cena, with a dedicated menu and a guest chef. Find out more","breadcrumb":{"@id":"https:\/\/buonissimatorino.it\/ristoranti\/insieme\/#breadcrumb"},"inLanguage":"en-GB","potentialAction":[{"@type":"ReadAction","target":["https:\/\/buonissimatorino.it\/ristoranti\/insieme\/"]}]},{"@type":"ImageObject","inLanguage":"en-GB","@id":"https:\/\/buonissimatorino.it\/ristoranti\/insieme\/#primaryimage","url":"https:\/\/buonissimatorino.it\/wp-content\/uploads\/2024\/10\/Insieme.webp","contentUrl":"https:\/\/buonissimatorino.it\/wp-content\/uploads\/2024\/10\/Insieme.webp","width":1080,"height":1080,"caption":"Insieme - Metti Torino a Cena, Cena a 4 mani - Buonissima 2024"},{"@type":"BreadcrumbList","@id":"https:\/\/buonissimatorino.it\/ristoranti\/insieme\/#breadcrumb","itemListElement":[{"@type":"ListItem","position":1,"name":"Home","item":"https:\/\/buonissimatorino.it\/"},{"@type":"ListItem","position":2,"name":"Ristoranti","item":"https:\/\/buonissimatorino.it\/ristoranti\/"},{"@type":"ListItem","position":3,"name":"INSIEME dal Clandestino"}]},{"@type":"WebSite","@id":"https:\/\/buonissimatorino.it\/#website","url":"https:\/\/buonissimatorino.it\/","name":"Very good Turin","description":"Food, Art and Beauty","publisher":{"@id":"https:\/\/buonissimatorino.it\/#organization"},"potentialAction":[{"@type":"SearchAction","target":{"@type":"EntryPoint","urlTemplate":"https:\/\/buonissimatorino.it\/?s={search_term_string}"},"query-input":{"@type":"PropertyValueSpecification","valueRequired":true,"valueName":"search_term_string"}}],"inLanguage":"en-GB"},{"@type":"Organization","@id":"https:\/\/buonissimatorino.it\/#organization","name":"Very good Turin","url":"https:\/\/buonissimatorino.it\/","logo":{"@type":"ImageObject","inLanguage":"en-GB","@id":"https:\/\/buonissimatorino.it\/#\/schema\/logo\/image\/","url":"https:\/\/buonissimatorino.it\/wp-content\/uploads\/2024\/05\/Buonissima-Logo.png","contentUrl":"https:\/\/buonissimatorino.it\/wp-content\/uploads\/2024\/05\/Buonissima-Logo.png","width":350,"height":100,"caption":"Buonissima Torino"},"image":{"@id":"https:\/\/buonissimatorino.it\/#\/schema\/logo\/image\/"}}]}},"_links":{"self":[{"href":"https:\/\/buonissimatorino.it\/en\/wp-json\/wp\/v2\/ristoranti\/7225","targetHints":{"allow":["GET"]}}],"collection":[{"href":"https:\/\/buonissimatorino.it\/en\/wp-json\/wp\/v2\/ristoranti"}],"about":[{"href":"https:\/\/buonissimatorino.it\/en\/wp-json\/wp\/v2\/types\/ristoranti"}],"version-history":[{"count":30,"href":"https:\/\/buonissimatorino.it\/en\/wp-json\/wp\/v2\/ristoranti\/7225\/revisions"}],"predecessor-version":[{"id":14407,"href":"https:\/\/buonissimatorino.it\/en\/wp-json\/wp\/v2\/ristoranti\/7225\/revisions\/14407"}],"wp:featuredmedia":[{"embeddable":true,"href":"https:\/\/buonissimatorino.it\/en\/wp-json\/wp\/v2\/media\/7229"}],"wp:attachment":[{"href":"https:\/\/buonissimatorino.it\/en\/wp-json\/wp\/v2\/media?parent=7225"}],"wp:term":[{"taxonomy":"category","embeddable":true,"href":"https:\/\/buonissimatorino.it\/en\/wp-json\/wp\/v2\/categories?post=7225"},{"taxonomy":"post_tag","embeddable":true,"href":"https:\/\/buonissimatorino.it\/en\/wp-json\/wp\/v2\/tags?post=7225"}],"curies":[{"name":"wp","href":"https:\/\/api.w.org\/{rel}","templated":true}]}}