{"id":5475,"date":"2024-09-24T17:25:05","date_gmt":"2024-09-24T15:25:05","guid":{"rendered":"https:\/\/buonissimatorino.it\/?post_type=ristoranti&#038;p=5475"},"modified":"2025-10-07T10:29:07","modified_gmt":"2025-10-07T08:29:07","slug":"double-faced","status":"publish","type":"ristoranti","link":"https:\/\/buonissimatorino.it\/en\/restaurants\/double-faced\/","title":{"rendered":"Bifr\u00f3"},"content":{"rendered":"<div data-elementor-type=\"wp-post\" data-elementor-id=\"5475\" class=\"elementor elementor-5475\" data-elementor-post-type=\"ristoranti\">\n\t\t\t\t<div class=\"elementor-element elementor-element-183b1520 e-flex e-con-boxed e-con e-parent\" data-id=\"183b1520\" data-element_type=\"container\">\n\t\t\t\t\t<div class=\"e-con-inner\">\n\t\t\t\t<div class=\"elementor-element elementor-element-14b69ec4 elementor-widget elementor-widget-text-editor\" data-id=\"14b69ec4\" data-element_type=\"widget\" data-widget_type=\"text-editor.default\">\n\t\t\t\t<div class=\"elementor-widget-container\">\n\t\t\t\t\t\t\t\t\t<p>For Roberto Pintadu the grill is a choice and a lifestyle, brave and determined he offers his customers all the nuances of the grill with purity and determination.<\/p><p>Together with his wife Laura he is the mind, hand and heart of Bifr\u00f2: the kingdom of dry-aging\/maturation in via Mazzini 23 in the heart of Turin. His story begins in Tula in the province of Sassari in 1974 and the stubbornness, which has always characterized him, pushes him to change his life many times, until he begins his journey in the restaurant sector in 2004, but it will be in 2015 that he will finally be able to realize his dream, together with Laura, of opening the first real restaurant-grill in the Asti area. Thanks to his passion, research and study of the world of meat in a constant growth of quality and project he lands on the Turin hill where the Bifr\u00f2 project has materialized (a name that comes to life from two simple words, DRY-AGED BISTECCA) which has now found its ideal home in the city center.<\/p>\t\t\t\t\t\t\t\t<\/div>\n\t\t\t\t<\/div>\n\t\t<div class=\"elementor-element elementor-element-0732746 e-con-full e-flex e-con e-child\" data-id=\"0732746\" data-element_type=\"container\">\n\t\t\t\t<div class=\"elementor-element elementor-element-ac45d42 elementor-widget__width-inherit elementor-widget elementor-widget-heading\" data-id=\"ac45d42\" data-element_type=\"widget\" data-widget_type=\"heading.default\">\n\t\t\t\t<div class=\"elementor-widget-container\">\n\t\t\t\t\t<h3 class=\"elementor-heading-title elementor-size-default\">Metti Torino a cena<\/h3>\t\t\t\t<\/div>\n\t\t\t\t<\/div>\n\t\t\t\t<div class=\"elementor-element elementor-element-fb45f2a elementor-widget__width-inherit elementor-widget elementor-widget-heading\" data-id=\"fb45f2a\" data-element_type=\"widget\" data-widget_type=\"heading.default\">\n\t\t\t\t<div class=\"elementor-widget-container\">\n\t\t\t\t\t<h5 class=\"elementor-heading-title elementor-size-default\">la cena a 4 mani<\/h5>\t\t\t\t<\/div>\n\t\t\t\t<\/div>\n\t\t\t\t<div class=\"elementor-element elementor-element-5032ca2 elementor-widget elementor-widget-text-editor\" data-id=\"5032ca2\" data-element_type=\"widget\" data-widget_type=\"text-editor.default\">\n\t\t\t\t<div class=\"elementor-widget-container\">\n\t\t\t\t\t\t\t\t\t&#8211; <p>Friday 25 October \u2013 8:00 pm<\/p>\n\t\t\t\t\t\t\t\t<\/div>\n\t\t\t\t<\/div>\n\t\t\t\t<div class=\"elementor-element elementor-element-99ad77a elementor-widget elementor-widget-text-editor\" data-id=\"99ad77a\" data-element_type=\"widget\" data-widget_type=\"text-editor.default\">\n\t\t\t\t<div class=\"elementor-widget-container\">\n\t\t\t\t\t\t\t\t\t<p><strong>Dedicated menu<\/strong><\/p><p>Coming soon<\/p>\t\t\t\t\t\t\t\t<\/div>\n\t\t\t\t<\/div>\n\t\t\t\t<div class=\"elementor-element elementor-element-39f4965 elementor-grid-2 elementor-grid-tablet-2 elementor-grid-mobile-1 elementor-widget elementor-widget-loop-grid\" data-id=\"39f4965\" data-element_type=\"widget\" data-settings=\"{&quot;template_id&quot;:&quot;5267&quot;,&quot;columns&quot;:2,&quot;_skin&quot;:&quot;post&quot;,&quot;columns_tablet&quot;:&quot;2&quot;,&quot;columns_mobile&quot;:&quot;1&quot;,&quot;edit_handle_selector&quot;:&quot;[data-elementor-type=\\&quot;loop-item\\&quot;]&quot;,&quot;row_gap&quot;:{&quot;unit&quot;:&quot;px&quot;,&quot;size&quot;:&quot;&quot;,&quot;sizes&quot;:[]},&quot;row_gap_widescreen&quot;:{&quot;unit&quot;:&quot;px&quot;,&quot;size&quot;:&quot;&quot;,&quot;sizes&quot;:[]},&quot;row_gap_tablet&quot;:{&quot;unit&quot;:&quot;px&quot;,&quot;size&quot;:&quot;&quot;,&quot;sizes&quot;:[]},&quot;row_gap_mobile&quot;:{&quot;unit&quot;:&quot;px&quot;,&quot;size&quot;:&quot;&quot;,&quot;sizes&quot;:[]}}\" data-widget_type=\"loop-grid.post\">\n\t\t\t\t<div class=\"elementor-widget-container\">\n\t\t\t\t\t\t\t<div class=\"e-loop-nothing-found-message\">\n\t\t<\/div>\n\t\t\t\t\t\t<\/div>\n\t\t\t\t<\/div>\n\t\t\t\t<\/div>\n\t\t\t\t\t<\/div>\n\t\t\t\t<\/div>\n\t\t\t\t<\/div>","protected":false},"excerpt":{"rendered":"<p>Per Roberto Pintadu la griglia \u00e8 una scelta e uno stile di vita, coraggioso e determinato offre ai suoi clienti tutte le sfumature della griglia con purezza e determinazione. Insieme alla moglie Laura \u00e8 mente, mano e cuore di Bifr\u00f2: regno della frollatura\/maturazione in via Mazzini 23 nel cuore di Torino. La sua storia comincia [&hellip;]<\/p>","protected":false},"featured_media":5490,"template":"","meta":{"_acf_changed":false},"categories":[],"tags":[],"class_list":["post-5475","ristoranti","type-ristoranti","status-publish","has-post-thumbnail","hentry"],"acf":[],"yoast_head":"<!-- This site is optimized with the Yoast SEO plugin v26.7 - https:\/\/yoast.com\/wordpress\/plugins\/seo\/ -->\n<title>Bifr\u00f2 - Buonissima Torino<\/title>\n<meta name=\"description\" content=\"Bifr\u00f2, in occasione di Buonissima 2024, parteciper\u00e0 a Metti Torino a cena, con un menu dedicato e uno chef ospite. Scopri di pi\u00f9\" \/>\n<meta name=\"robots\" content=\"index, follow, max-snippet:-1, max-image-preview:large, max-video-preview:-1\" \/>\n<link rel=\"canonical\" href=\"https:\/\/buonissimatorino.it\/en\/restaurants\/double-faced\/\" \/>\n<meta property=\"og:locale\" content=\"en_GB\" \/>\n<meta property=\"og:type\" content=\"article\" \/>\n<meta property=\"og:title\" content=\"Bifr\u00f2 - Buonissima Torino\" \/>\n<meta property=\"og:description\" content=\"Bifr\u00f2, in occasione di Buonissima 2024, parteciper\u00e0 a Metti Torino a cena, con un menu dedicato e uno chef ospite. Scopri di pi\u00f9\" \/>\n<meta property=\"og:url\" content=\"https:\/\/buonissimatorino.it\/en\/restaurants\/double-faced\/\" \/>\n<meta property=\"og:site_name\" content=\"Buonissima Torino\" \/>\n<meta property=\"article:modified_time\" content=\"2025-10-07T08:29:07+00:00\" \/>\n<meta property=\"og:image\" content=\"https:\/\/buonissimatorino.it\/wp-content\/uploads\/2024\/09\/Bifro.webp\" \/>\n\t<meta property=\"og:image:width\" content=\"960\" \/>\n\t<meta property=\"og:image:height\" content=\"639\" \/>\n\t<meta property=\"og:image:type\" content=\"image\/webp\" \/>\n<meta name=\"twitter:card\" content=\"summary_large_image\" \/>\n<meta name=\"twitter:label1\" content=\"Estimated reading time\" \/>\n\t<meta name=\"twitter:data1\" content=\"2 minutes\" \/>\n<script type=\"application\/ld+json\" class=\"yoast-schema-graph\">{\"@context\":\"https:\/\/schema.org\",\"@graph\":[{\"@type\":\"WebPage\",\"@id\":\"https:\/\/buonissimatorino.it\/ristoranti\/bifro\/\",\"url\":\"https:\/\/buonissimatorino.it\/ristoranti\/bifro\/\",\"name\":\"Bifr\u00f2 - Buonissima Torino\",\"isPartOf\":{\"@id\":\"https:\/\/buonissimatorino.it\/#website\"},\"primaryImageOfPage\":{\"@id\":\"https:\/\/buonissimatorino.it\/ristoranti\/bifro\/#primaryimage\"},\"image\":{\"@id\":\"https:\/\/buonissimatorino.it\/ristoranti\/bifro\/#primaryimage\"},\"thumbnailUrl\":\"https:\/\/buonissimatorino.it\/wp-content\/uploads\/2024\/09\/Bifro.webp\",\"datePublished\":\"2024-09-24T15:25:05+00:00\",\"dateModified\":\"2025-10-07T08:29:07+00:00\",\"description\":\"Bifr\u00f2, in occasione di Buonissima 2024, parteciper\u00e0 a Metti Torino a cena, con un menu dedicato e uno chef ospite. Scopri di pi\u00f9\",\"breadcrumb\":{\"@id\":\"https:\/\/buonissimatorino.it\/ristoranti\/bifro\/#breadcrumb\"},\"inLanguage\":\"en-GB\",\"potentialAction\":[{\"@type\":\"ReadAction\",\"target\":[\"https:\/\/buonissimatorino.it\/ristoranti\/bifro\/\"]}]},{\"@type\":\"ImageObject\",\"inLanguage\":\"en-GB\",\"@id\":\"https:\/\/buonissimatorino.it\/ristoranti\/bifro\/#primaryimage\",\"url\":\"https:\/\/buonissimatorino.it\/wp-content\/uploads\/2024\/09\/Bifro.webp\",\"contentUrl\":\"https:\/\/buonissimatorino.it\/wp-content\/uploads\/2024\/09\/Bifro.webp\",\"width\":960,\"height\":639,\"caption\":\"Bifr\u00f2 - Ristorante di Carne parteciper\u00e0 a Metti Torino a Cena, Cena a 4 mani - Buonissima 2024\"},{\"@type\":\"BreadcrumbList\",\"@id\":\"https:\/\/buonissimatorino.it\/ristoranti\/bifro\/#breadcrumb\",\"itemListElement\":[{\"@type\":\"ListItem\",\"position\":1,\"name\":\"Home\",\"item\":\"https:\/\/buonissimatorino.it\/\"},{\"@type\":\"ListItem\",\"position\":2,\"name\":\"Ristoranti\",\"item\":\"https:\/\/buonissimatorino.it\/ristoranti\/\"},{\"@type\":\"ListItem\",\"position\":3,\"name\":\"Bifr\u00f2\"}]},{\"@type\":\"WebSite\",\"@id\":\"https:\/\/buonissimatorino.it\/#website\",\"url\":\"https:\/\/buonissimatorino.it\/\",\"name\":\"Buonissima Torino\",\"description\":\"Cibo, Arte e Bellezza\",\"publisher\":{\"@id\":\"https:\/\/buonissimatorino.it\/#organization\"},\"potentialAction\":[{\"@type\":\"SearchAction\",\"target\":{\"@type\":\"EntryPoint\",\"urlTemplate\":\"https:\/\/buonissimatorino.it\/?s={search_term_string}\"},\"query-input\":{\"@type\":\"PropertyValueSpecification\",\"valueRequired\":true,\"valueName\":\"search_term_string\"}}],\"inLanguage\":\"en-GB\"},{\"@type\":\"Organization\",\"@id\":\"https:\/\/buonissimatorino.it\/#organization\",\"name\":\"Buonissima Torino\",\"url\":\"https:\/\/buonissimatorino.it\/\",\"logo\":{\"@type\":\"ImageObject\",\"inLanguage\":\"en-GB\",\"@id\":\"https:\/\/buonissimatorino.it\/#\/schema\/logo\/image\/\",\"url\":\"https:\/\/buonissimatorino.it\/wp-content\/uploads\/2024\/05\/Buonissima-Logo.png\",\"contentUrl\":\"https:\/\/buonissimatorino.it\/wp-content\/uploads\/2024\/05\/Buonissima-Logo.png\",\"width\":350,\"height\":100,\"caption\":\"Buonissima Torino\"},\"image\":{\"@id\":\"https:\/\/buonissimatorino.it\/#\/schema\/logo\/image\/\"}}]}<\/script>\n<!-- \/ Yoast SEO plugin. -->","yoast_head_json":{"title":"Bifr\u00f2 - Delicious Turin","description":"For Buonissima 2024, Bifr\u00f2 will be participating in Metti Torino a cena, with a special menu and a guest chef. Find out more.","robots":{"index":"index","follow":"follow","max-snippet":"max-snippet:-1","max-image-preview":"max-image-preview:large","max-video-preview":"max-video-preview:-1"},"canonical":"https:\/\/buonissimatorino.it\/en\/restaurants\/double-faced\/","og_locale":"en_GB","og_type":"article","og_title":"Bifr\u00f2 - Buonissima Torino","og_description":"Bifr\u00f2, in occasione di Buonissima 2024, parteciper\u00e0 a Metti Torino a cena, con un menu dedicato e uno chef ospite. Scopri di pi\u00f9","og_url":"https:\/\/buonissimatorino.it\/en\/restaurants\/double-faced\/","og_site_name":"Buonissima Torino","article_modified_time":"2025-10-07T08:29:07+00:00","og_image":[{"width":960,"height":639,"url":"https:\/\/buonissimatorino.it\/wp-content\/uploads\/2024\/09\/Bifro.webp","type":"image\/webp"}],"twitter_card":"summary_large_image","twitter_misc":{"Estimated reading time":"2 minutes"},"schema":{"@context":"https:\/\/schema.org","@graph":[{"@type":"WebPage","@id":"https:\/\/buonissimatorino.it\/ristoranti\/bifro\/","url":"https:\/\/buonissimatorino.it\/ristoranti\/bifro\/","name":"Bifr\u00f2 - Delicious Turin","isPartOf":{"@id":"https:\/\/buonissimatorino.it\/#website"},"primaryImageOfPage":{"@id":"https:\/\/buonissimatorino.it\/ristoranti\/bifro\/#primaryimage"},"image":{"@id":"https:\/\/buonissimatorino.it\/ristoranti\/bifro\/#primaryimage"},"thumbnailUrl":"https:\/\/buonissimatorino.it\/wp-content\/uploads\/2024\/09\/Bifro.webp","datePublished":"2024-09-24T15:25:05+00:00","dateModified":"2025-10-07T08:29:07+00:00","description":"For Buonissima 2024, Bifr\u00f2 will be participating in Metti Torino a cena, with a special menu and a guest chef. Find out more.","breadcrumb":{"@id":"https:\/\/buonissimatorino.it\/ristoranti\/bifro\/#breadcrumb"},"inLanguage":"en-GB","potentialAction":[{"@type":"ReadAction","target":["https:\/\/buonissimatorino.it\/ristoranti\/bifro\/"]}]},{"@type":"ImageObject","inLanguage":"en-GB","@id":"https:\/\/buonissimatorino.it\/ristoranti\/bifro\/#primaryimage","url":"https:\/\/buonissimatorino.it\/wp-content\/uploads\/2024\/09\/Bifro.webp","contentUrl":"https:\/\/buonissimatorino.it\/wp-content\/uploads\/2024\/09\/Bifro.webp","width":960,"height":639,"caption":"Bifr\u00f2 - Ristorante di Carne parteciper\u00e0 a Metti Torino a Cena, Cena a 4 mani - Buonissima 2024"},{"@type":"BreadcrumbList","@id":"https:\/\/buonissimatorino.it\/ristoranti\/bifro\/#breadcrumb","itemListElement":[{"@type":"ListItem","position":1,"name":"Home","item":"https:\/\/buonissimatorino.it\/"},{"@type":"ListItem","position":2,"name":"Ristoranti","item":"https:\/\/buonissimatorino.it\/ristoranti\/"},{"@type":"ListItem","position":3,"name":"Bifr\u00f2"}]},{"@type":"WebSite","@id":"https:\/\/buonissimatorino.it\/#website","url":"https:\/\/buonissimatorino.it\/","name":"Very good Turin","description":"Food, Art and Beauty","publisher":{"@id":"https:\/\/buonissimatorino.it\/#organization"},"potentialAction":[{"@type":"SearchAction","target":{"@type":"EntryPoint","urlTemplate":"https:\/\/buonissimatorino.it\/?s={search_term_string}"},"query-input":{"@type":"PropertyValueSpecification","valueRequired":true,"valueName":"search_term_string"}}],"inLanguage":"en-GB"},{"@type":"Organization","@id":"https:\/\/buonissimatorino.it\/#organization","name":"Very good Turin","url":"https:\/\/buonissimatorino.it\/","logo":{"@type":"ImageObject","inLanguage":"en-GB","@id":"https:\/\/buonissimatorino.it\/#\/schema\/logo\/image\/","url":"https:\/\/buonissimatorino.it\/wp-content\/uploads\/2024\/05\/Buonissima-Logo.png","contentUrl":"https:\/\/buonissimatorino.it\/wp-content\/uploads\/2024\/05\/Buonissima-Logo.png","width":350,"height":100,"caption":"Buonissima Torino"},"image":{"@id":"https:\/\/buonissimatorino.it\/#\/schema\/logo\/image\/"}}]}},"_links":{"self":[{"href":"https:\/\/buonissimatorino.it\/en\/wp-json\/wp\/v2\/ristoranti\/5475","targetHints":{"allow":["GET"]}}],"collection":[{"href":"https:\/\/buonissimatorino.it\/en\/wp-json\/wp\/v2\/ristoranti"}],"about":[{"href":"https:\/\/buonissimatorino.it\/en\/wp-json\/wp\/v2\/types\/ristoranti"}],"version-history":[{"count":35,"href":"https:\/\/buonissimatorino.it\/en\/wp-json\/wp\/v2\/ristoranti\/5475\/revisions"}],"predecessor-version":[{"id":12334,"href":"https:\/\/buonissimatorino.it\/en\/wp-json\/wp\/v2\/ristoranti\/5475\/revisions\/12334"}],"wp:featuredmedia":[{"embeddable":true,"href":"https:\/\/buonissimatorino.it\/en\/wp-json\/wp\/v2\/media\/5490"}],"wp:attachment":[{"href":"https:\/\/buonissimatorino.it\/en\/wp-json\/wp\/v2\/media?parent=5475"}],"wp:term":[{"taxonomy":"category","embeddable":true,"href":"https:\/\/buonissimatorino.it\/en\/wp-json\/wp\/v2\/categories?post=5475"},{"taxonomy":"post_tag","embeddable":true,"href":"https:\/\/buonissimatorino.it\/en\/wp-json\/wp\/v2\/tags?post=5475"}],"curies":[{"name":"wp","href":"https:\/\/api.w.org\/{rel}","templated":true}]}}