{"id":7568,"date":"2024-10-03T17:27:46","date_gmt":"2024-10-03T15:27:46","guid":{"rendered":"https:\/\/buonissimatorino.it\/edizione-2024\/?post_type=team&#038;p=7568"},"modified":"2024-10-03T17:27:47","modified_gmt":"2024-10-03T15:27:47","slug":"paolo-griffa","status":"publish","type":"team","link":"https:\/\/buonissimatorino.it\/edizione-2024\/Ospiti\/paolo-griffa\/","title":{"rendered":"Paolo Griffa"},"content":{"rendered":"\t\t<div data-elementor-type=\"wp-post\" data-elementor-id=\"7568\" class=\"elementor elementor-7568\" data-elementor-post-type=\"team\">\n\t\t\t\t<div class=\"elementor-element elementor-element-6364db7 e-flex e-con-boxed e-con e-parent\" data-id=\"6364db7\" data-element_type=\"container\">\n\t\t\t\t\t<div class=\"e-con-inner\">\n\t\t\t\t<div class=\"elementor-element elementor-element-b535e9b aleft elementor-widget elementor-widget-wgl-info-box\" data-id=\"b535e9b\" data-element_type=\"widget\" data-widget_type=\"wgl-info-box.default\">\n\t\t\t\t<div class=\"elementor-widget-container\">\n\t\t\t\t\t<div class=\"wgl-infobox\"><div class=\"wgl-infobox_wrapper\"><div class=\"content_wrapper\"><div class=\"wgl-infobox-title_wrapper\"><h3 class=\"wgl-infobox_title\"><span class=\"wgl-infobox_title-idle\">Biografia<\/span><\/h3><\/div><div class=\"wgl-infobox_content\"><p>La carriera di Paolo Griffa, giovane chef piemontese di grande talento, \u00e8 stata un viaggio attraverso le cucine di eccellenza. Da Combal.Zero e il Piccolo Lago in Italia, a Le Chateaubriand e Serge Vieira in Francia, fino a Studio a Copenaghen. Ogni esperienza ha forgiato il suo stile personale e riconoscibile. Executive chef al Grand Hotel Royal e Golf a Courmayeur. In quest\u2019ultimo ha guadagnato la sua prima stella Michelin nel 2019.<br \/>\nNel 2022 apre Paolo Griffa al Caff\u00e8 Nazionale ad Aosta. In due mesi il ristorante ha ricevuto la sua prima stella Michelin. La filosofia di Griffa \u00e8 chiara: la cucina \u00e8 condivisione.<\/p>\n<\/div><\/div><\/div><\/div>\t\t\t\t<\/div>\n\t\t\t\t<\/div>\n\t\t\t\t<div class=\"elementor-element elementor-element-0d29e7b aleft elementor-widget elementor-widget-wgl-info-box\" data-id=\"0d29e7b\" data-element_type=\"widget\" data-widget_type=\"wgl-info-box.default\">\n\t\t\t\t<div class=\"elementor-widget-container\">\n\t\t\t\t\t<div class=\"wgl-infobox\"><div class=\"wgl-infobox_wrapper\"><div class=\"content_wrapper\"><div class=\"wgl-infobox-title_wrapper\"><h3 class=\"wgl-infobox_title\"><span class=\"wgl-infobox_title-idle\">Parteciper\u00e0 a<\/span><\/h3><\/div><\/div><\/div><\/div>\t\t\t\t<\/div>\n\t\t\t\t<\/div>\n\t\t\t\t<div class=\"elementor-element elementor-element-f66d76e elementor-widget__width-initial elementor-widget-mobile__width-inherit elementor-widget elementor-widget-wgl-cases\" data-id=\"f66d76e\" data-element_type=\"widget\" data-widget_type=\"wgl-cases.default\">\n\t\t\t\t<div class=\"elementor-widget-container\">\n\t\t\t\t\t<div class=\"wgl-cases\" data-carousel=\"\"><div class=\"case_item elementor-repeater-item-cb6668d\"><div class=\"case_item__inner_wrapper\"><a class=\"wgl-cases__link\" href=\"https:\/\/buonissimatorino.it\/edizione-2024\/eventi\/chefilm-sicenaalcinema\/\"><\/a><div class=\"image_wrapper\"><div class=\"media-wrapper img-wrapper\"><figure class=\"wgl-image-box_img\"><span ><img decoding=\"async\" src=\"https:\/\/buonissimatorino.it\/edizione-2024\/wp-content\/uploads\/2024\/10\/chefilm-edizione-bob-noto.webp\" title=\"chefilm-edizione-bob-noto\" alt=\"Buonissima - eventi principali - Chef Film\" loading=\"lazy\" \/><\/span><\/figure><\/div><\/div><div class=\"case_subtitle__wrapper\"><h6 class=\"case_subtitle\"><span>Si cena al cinema<\/span><\/h6><\/div><div class=\"case_title__wrapper\"><h3 class=\"case_title\"><span>CHEFilm<\/span><\/h3><\/div><div class=\"case_button__wrapper\"><div  class=\"wgl-cases__button button-read-more \"><i class=\"flaticon flaticon-right read-more-icon\"><\/i><span>Vedi evento<\/span><\/div><\/div><\/div><\/div><\/div>\t\t\t\t<\/div>\n\t\t\t\t<\/div>\n\t\t\t\t\t<\/div>\n\t\t\t\t<\/div>\n\t\t\t\t<\/div>\n\t\t","protected":false},"excerpt":{"rendered":"<p>Caff\u00e8 Nazionale, Aosta, Italia<\/p>\n","protected":false},"featured_media":7569,"menu_order":0,"template":"","team_category":[12,32],"class_list":["post-7568","team","type-team","status-publish","has-post-thumbnail","hentry","team_category-chef-nazionali","team_category-chefilm"],"acf":[],"yoast_head":"<!-- This site is optimized with the Yoast SEO plugin v26.4 - https:\/\/yoast.com\/wordpress\/plugins\/seo\/ -->\n<title>Paolo Griffa - Buonissima Torino 2024<\/title>\n<meta name=\"robots\" content=\"noindex, follow, max-snippet:-1, max-image-preview:large, max-video-preview:-1\" \/>\n<meta property=\"og:locale\" content=\"it_IT\" \/>\n<meta property=\"og:type\" content=\"article\" \/>\n<meta property=\"og:title\" content=\"Paolo Griffa - Buonissima Torino 2024\" \/>\n<meta property=\"og:description\" content=\"Caff\u00e8 Nazionale, Aosta, Italia\" \/>\n<meta property=\"og:url\" content=\"https:\/\/buonissimatorino.it\/edizione-2024\/Ospiti\/paolo-griffa\/\" \/>\n<meta property=\"og:site_name\" content=\"Buonissima Torino 2024\" \/>\n<meta property=\"article:modified_time\" content=\"2024-10-03T15:27:47+00:00\" \/>\n<meta property=\"og:image\" content=\"https:\/\/buonissimatorino.it\/edizione-2024\/wp-content\/uploads\/2024\/10\/Paolo-Griffa.webp\" \/>\n\t<meta property=\"og:image:width\" content=\"1080\" \/>\n\t<meta property=\"og:image:height\" content=\"1080\" \/>\n\t<meta property=\"og:image:type\" content=\"image\/webp\" \/>\n<meta name=\"twitter:card\" content=\"summary_large_image\" \/>\n<meta name=\"twitter:label1\" content=\"Tempo di lettura stimato\" \/>\n\t<meta name=\"twitter:data1\" content=\"1 minuto\" \/>\n<script type=\"application\/ld+json\" class=\"yoast-schema-graph\">{\"@context\":\"https:\/\/schema.org\",\"@graph\":[{\"@type\":\"WebPage\",\"@id\":\"https:\/\/buonissimatorino.it\/edizione-2024\/Ospiti\/paolo-griffa\/\",\"url\":\"https:\/\/buonissimatorino.it\/edizione-2024\/Ospiti\/paolo-griffa\/\",\"name\":\"Paolo Griffa - Buonissima Torino 2024\",\"isPartOf\":{\"@id\":\"https:\/\/buonissimatorino.it\/edizione-2024\/#website\"},\"primaryImageOfPage\":{\"@id\":\"https:\/\/buonissimatorino.it\/edizione-2024\/Ospiti\/paolo-griffa\/#primaryimage\"},\"image\":{\"@id\":\"https:\/\/buonissimatorino.it\/edizione-2024\/Ospiti\/paolo-griffa\/#primaryimage\"},\"thumbnailUrl\":\"https:\/\/buonissimatorino.it\/edizione-2024\/wp-content\/uploads\/2024\/10\/Paolo-Griffa.webp\",\"datePublished\":\"2024-10-03T15:27:46+00:00\",\"dateModified\":\"2024-10-03T15:27:47+00:00\",\"breadcrumb\":{\"@id\":\"https:\/\/buonissimatorino.it\/edizione-2024\/Ospiti\/paolo-griffa\/#breadcrumb\"},\"inLanguage\":\"it-IT\",\"potentialAction\":[{\"@type\":\"ReadAction\",\"target\":[\"https:\/\/buonissimatorino.it\/edizione-2024\/Ospiti\/paolo-griffa\/\"]}]},{\"@type\":\"ImageObject\",\"inLanguage\":\"it-IT\",\"@id\":\"https:\/\/buonissimatorino.it\/edizione-2024\/Ospiti\/paolo-griffa\/#primaryimage\",\"url\":\"https:\/\/buonissimatorino.it\/edizione-2024\/wp-content\/uploads\/2024\/10\/Paolo-Griffa.webp\",\"contentUrl\":\"https:\/\/buonissimatorino.it\/edizione-2024\/wp-content\/uploads\/2024\/10\/Paolo-Griffa.webp\",\"width\":1080,\"height\":1080,\"caption\":\"Paolo Griffa - Caff\u00e8 Nazionale\"},{\"@type\":\"BreadcrumbList\",\"@id\":\"https:\/\/buonissimatorino.it\/edizione-2024\/Ospiti\/paolo-griffa\/#breadcrumb\",\"itemListElement\":[{\"@type\":\"ListItem\",\"position\":1,\"name\":\"Home\",\"item\":\"https:\/\/buonissimatorino.it\/edizione-2024\/\"},{\"@type\":\"ListItem\",\"position\":2,\"name\":\"Team\",\"item\":\"https:\/\/buonissimatorino.it\/edizione-2024\/en\/Ospiti\/\"},{\"@type\":\"ListItem\",\"position\":3,\"name\":\"Paolo Griffa\"}]},{\"@type\":\"WebSite\",\"@id\":\"https:\/\/buonissimatorino.it\/edizione-2024\/#website\",\"url\":\"https:\/\/buonissimatorino.it\/edizione-2024\/\",\"name\":\"Buonissima Torino 2024\",\"description\":\"Cibo, Arte e Bellezza\",\"publisher\":{\"@id\":\"https:\/\/buonissimatorino.it\/edizione-2024\/#organization\"},\"potentialAction\":[{\"@type\":\"SearchAction\",\"target\":{\"@type\":\"EntryPoint\",\"urlTemplate\":\"https:\/\/buonissimatorino.it\/edizione-2024\/?s={search_term_string}\"},\"query-input\":{\"@type\":\"PropertyValueSpecification\",\"valueRequired\":true,\"valueName\":\"search_term_string\"}}],\"inLanguage\":\"it-IT\"},{\"@type\":\"Organization\",\"@id\":\"https:\/\/buonissimatorino.it\/edizione-2024\/#organization\",\"name\":\"Buonissima Torino 2024\",\"url\":\"https:\/\/buonissimatorino.it\/edizione-2024\/\",\"logo\":{\"@type\":\"ImageObject\",\"inLanguage\":\"it-IT\",\"@id\":\"https:\/\/buonissimatorino.it\/edizione-2024\/#\/schema\/logo\/image\/\",\"url\":\"https:\/\/buonissimatorino.it\/edizione-2024\/wp-content\/uploads\/2024\/05\/Buonissima-Logo.png\",\"contentUrl\":\"https:\/\/buonissimatorino.it\/edizione-2024\/wp-content\/uploads\/2024\/05\/Buonissima-Logo.png\",\"width\":350,\"height\":100,\"caption\":\"Buonissima Torino 2024\"},\"image\":{\"@id\":\"https:\/\/buonissimatorino.it\/edizione-2024\/#\/schema\/logo\/image\/\"}}]}<\/script>\n<!-- \/ Yoast SEO plugin. -->","yoast_head_json":{"title":"Paolo Griffa - Buonissima Torino 2024","robots":{"index":"noindex","follow":"follow","max-snippet":"max-snippet:-1","max-image-preview":"max-image-preview:large","max-video-preview":"max-video-preview:-1"},"og_locale":"it_IT","og_type":"article","og_title":"Paolo Griffa - Buonissima Torino 2024","og_description":"Caff\u00e8 Nazionale, Aosta, Italia","og_url":"https:\/\/buonissimatorino.it\/edizione-2024\/Ospiti\/paolo-griffa\/","og_site_name":"Buonissima Torino 2024","article_modified_time":"2024-10-03T15:27:47+00:00","og_image":[{"width":1080,"height":1080,"url":"https:\/\/buonissimatorino.it\/edizione-2024\/wp-content\/uploads\/2024\/10\/Paolo-Griffa.webp","type":"image\/webp"}],"twitter_card":"summary_large_image","twitter_misc":{"Tempo di lettura stimato":"1 minuto"},"schema":{"@context":"https:\/\/schema.org","@graph":[{"@type":"WebPage","@id":"https:\/\/buonissimatorino.it\/edizione-2024\/Ospiti\/paolo-griffa\/","url":"https:\/\/buonissimatorino.it\/edizione-2024\/Ospiti\/paolo-griffa\/","name":"Paolo Griffa - Buonissima Torino 2024","isPartOf":{"@id":"https:\/\/buonissimatorino.it\/edizione-2024\/#website"},"primaryImageOfPage":{"@id":"https:\/\/buonissimatorino.it\/edizione-2024\/Ospiti\/paolo-griffa\/#primaryimage"},"image":{"@id":"https:\/\/buonissimatorino.it\/edizione-2024\/Ospiti\/paolo-griffa\/#primaryimage"},"thumbnailUrl":"https:\/\/buonissimatorino.it\/edizione-2024\/wp-content\/uploads\/2024\/10\/Paolo-Griffa.webp","datePublished":"2024-10-03T15:27:46+00:00","dateModified":"2024-10-03T15:27:47+00:00","breadcrumb":{"@id":"https:\/\/buonissimatorino.it\/edizione-2024\/Ospiti\/paolo-griffa\/#breadcrumb"},"inLanguage":"it-IT","potentialAction":[{"@type":"ReadAction","target":["https:\/\/buonissimatorino.it\/edizione-2024\/Ospiti\/paolo-griffa\/"]}]},{"@type":"ImageObject","inLanguage":"it-IT","@id":"https:\/\/buonissimatorino.it\/edizione-2024\/Ospiti\/paolo-griffa\/#primaryimage","url":"https:\/\/buonissimatorino.it\/edizione-2024\/wp-content\/uploads\/2024\/10\/Paolo-Griffa.webp","contentUrl":"https:\/\/buonissimatorino.it\/edizione-2024\/wp-content\/uploads\/2024\/10\/Paolo-Griffa.webp","width":1080,"height":1080,"caption":"Paolo Griffa - Caff\u00e8 Nazionale"},{"@type":"BreadcrumbList","@id":"https:\/\/buonissimatorino.it\/edizione-2024\/Ospiti\/paolo-griffa\/#breadcrumb","itemListElement":[{"@type":"ListItem","position":1,"name":"Home","item":"https:\/\/buonissimatorino.it\/edizione-2024\/"},{"@type":"ListItem","position":2,"name":"Team","item":"https:\/\/buonissimatorino.it\/edizione-2024\/en\/Ospiti\/"},{"@type":"ListItem","position":3,"name":"Paolo Griffa"}]},{"@type":"WebSite","@id":"https:\/\/buonissimatorino.it\/edizione-2024\/#website","url":"https:\/\/buonissimatorino.it\/edizione-2024\/","name":"Buonissima Torino 2024","description":"Cibo, Arte e Bellezza","publisher":{"@id":"https:\/\/buonissimatorino.it\/edizione-2024\/#organization"},"potentialAction":[{"@type":"SearchAction","target":{"@type":"EntryPoint","urlTemplate":"https:\/\/buonissimatorino.it\/edizione-2024\/?s={search_term_string}"},"query-input":{"@type":"PropertyValueSpecification","valueRequired":true,"valueName":"search_term_string"}}],"inLanguage":"it-IT"},{"@type":"Organization","@id":"https:\/\/buonissimatorino.it\/edizione-2024\/#organization","name":"Buonissima Torino 2024","url":"https:\/\/buonissimatorino.it\/edizione-2024\/","logo":{"@type":"ImageObject","inLanguage":"it-IT","@id":"https:\/\/buonissimatorino.it\/edizione-2024\/#\/schema\/logo\/image\/","url":"https:\/\/buonissimatorino.it\/edizione-2024\/wp-content\/uploads\/2024\/05\/Buonissima-Logo.png","contentUrl":"https:\/\/buonissimatorino.it\/edizione-2024\/wp-content\/uploads\/2024\/05\/Buonissima-Logo.png","width":350,"height":100,"caption":"Buonissima Torino 2024"},"image":{"@id":"https:\/\/buonissimatorino.it\/edizione-2024\/#\/schema\/logo\/image\/"}}]}},"_links":{"self":[{"href":"https:\/\/buonissimatorino.it\/edizione-2024\/wp-json\/wp\/v2\/team\/7568","targetHints":{"allow":["GET"]}}],"collection":[{"href":"https:\/\/buonissimatorino.it\/edizione-2024\/wp-json\/wp\/v2\/team"}],"about":[{"href":"https:\/\/buonissimatorino.it\/edizione-2024\/wp-json\/wp\/v2\/types\/team"}],"version-history":[{"count":1,"href":"https:\/\/buonissimatorino.it\/edizione-2024\/wp-json\/wp\/v2\/team\/7568\/revisions"}],"predecessor-version":[{"id":7570,"href":"https:\/\/buonissimatorino.it\/edizione-2024\/wp-json\/wp\/v2\/team\/7568\/revisions\/7570"}],"wp:featuredmedia":[{"embeddable":true,"href":"https:\/\/buonissimatorino.it\/edizione-2024\/wp-json\/wp\/v2\/media\/7569"}],"wp:attachment":[{"href":"https:\/\/buonissimatorino.it\/edizione-2024\/wp-json\/wp\/v2\/media?parent=7568"}],"wp:term":[{"taxonomy":"team_category","embeddable":true,"href":"https:\/\/buonissimatorino.it\/edizione-2024\/wp-json\/wp\/v2\/team_category?post=7568"}],"curies":[{"name":"wp","href":"https:\/\/api.w.org\/{rel}","templated":true}]}}