{"id":7225,"date":"2024-10-02T15:36:56","date_gmt":"2024-10-02T13:36:56","guid":{"rendered":"https:\/\/buonissimatorino.it\/edizione-2024\/?post_type=ristoranti&#038;p=7225"},"modified":"2024-10-22T12:30:43","modified_gmt":"2024-10-22T10:30:43","slug":"insieme","status":"publish","type":"ristoranti","link":"https:\/\/buonissimatorino.it\/edizione-2024\/ristoranti\/insieme\/","title":{"rendered":"INSIEME dal Clandestino"},"content":{"rendered":"\t\t<div data-elementor-type=\"wp-post\" data-elementor-id=\"7225\" class=\"elementor elementor-7225\" data-elementor-post-type=\"ristoranti\">\n\t\t\t\t<div class=\"elementor-element elementor-element-183b1520 e-flex e-con-boxed e-con e-parent\" data-id=\"183b1520\" data-element_type=\"container\">\n\t\t\t\t\t<div class=\"e-con-inner\">\n\t\t\t\t<div class=\"elementor-element elementor-element-14b69ec4 elementor-widget elementor-widget-text-editor\" data-id=\"14b69ec4\" data-element_type=\"widget\" data-widget_type=\"text-editor.default\">\n\t\t\t\t<div class=\"elementor-widget-container\">\n\t\t\t\t\t\t\t\t\t<p><span style=\"font-weight: 400;\">Innovazione nella tradizione \u00e8 la filosofia del ristorante Insieme, guidato dallo chef Ded Gaci. Situato nel cuore di Torino, offre una cucina fresca e in costante evoluzione, che valorizza la stagionalit\u00e0 con sapori autentici. La selezione attenta dei produttori locali garantisce ingredienti di qualit\u00e0, esaltando le peculiarit\u00e0 di ogni territorio italiano. Insieme \u00e8 una continua ricerca di novit\u00e0, dove ogni piatto racconta la storia di un luogo e delle sue tradizioni. Gli interni raffinati ed eleganti sono una coccola per i sensi, creando un\u2019atmosfera perfetta per un\u2019esperienza gastronomica unica.\u00a0<\/span><\/p>\t\t\t\t\t\t\t\t<\/div>\n\t\t\t\t<\/div>\n\t\t<div class=\"elementor-element elementor-element-0732746 e-con-full e-flex e-con e-child\" data-id=\"0732746\" data-element_type=\"container\">\n\t\t\t\t<div class=\"elementor-element elementor-element-415d128 elementor-widget__width-inherit elementor-widget elementor-widget-heading\" data-id=\"415d128\" data-element_type=\"widget\" data-widget_type=\"heading.default\">\n\t\t\t\t<div class=\"elementor-widget-container\">\n\t\t\t\t\t<h3 class=\"elementor-heading-title elementor-size-default\">Metti Torino a cena<\/h3>\t\t\t\t<\/div>\n\t\t\t\t<\/div>\n\t\t\t\t<div class=\"elementor-element elementor-element-a75bb4b elementor-widget__width-inherit elementor-widget elementor-widget-heading\" data-id=\"a75bb4b\" data-element_type=\"widget\" data-widget_type=\"heading.default\">\n\t\t\t\t<div class=\"elementor-widget-container\">\n\t\t\t\t\t<h5 class=\"elementor-heading-title elementor-size-default\">la cena a 4 mani<\/h5>\t\t\t\t<\/div>\n\t\t\t\t<\/div>\n\t\t\t\t<div class=\"elementor-element elementor-element-a57f6f3 elementor-widget elementor-widget-text-editor\" data-id=\"a57f6f3\" data-element_type=\"widget\" data-widget_type=\"text-editor.default\">\n\t\t\t\t<div class=\"elementor-widget-container\">\n\t\t\t\t\t\t\t\t\t&#8211; Gioved\u00ec 24 ottobre &#8211; ore 20:00\t\t\t\t\t\t\t\t<\/div>\n\t\t\t\t<\/div>\n\t\t\t\t<div class=\"elementor-element elementor-element-d80bd73 elenco-paragrafo elementor-widget elementor-widget-text-editor\" data-id=\"d80bd73\" data-element_type=\"widget\" data-widget_type=\"text-editor.default\">\n\t\t\t\t<div class=\"elementor-widget-container\">\n\t\t\t\t\t\t\t\t\t<p><strong>Men\u00f9 dedicato<\/strong><\/p><p><strong>Antipasti<\/strong><\/p><ul><li><em>Cavolfiore e Mare<\/em><\/li><li><em>Fungo e Dintorni<\/em><\/li><li><em>Verza, verza, verza<\/em><\/li><\/ul><p><strong>Primi<\/strong><\/p><ul><li><em>Plin di animella, juice di piccione e beurre blanc<\/em><\/li><li><em>Risotto di zucca, kefir e ruta<\/em><\/li><li><em>Spaghettone Al Bronzo Barilla con fegato di seppia, julienne di seppia cruda, salsa di rucola e finger lime<\/em><\/li><\/ul><p><strong>Secondi<\/strong><\/p><ul><li><em>Lingua croccante<\/em><\/li><li><em>Rombo, cicoria e vongole<\/em><\/li><\/ul><p><strong>Dolci<\/strong><\/p><ul><li><em>Insalata e noci<\/em><\/li><li><em>Autunno<\/em><\/li><\/ul><p><strong>\u20ac 80,00 p.p bevande incluse<\/strong><\/p>\t\t\t\t\t\t\t\t<\/div>\n\t\t\t\t<\/div>\n\t\t\t\t<div class=\"elementor-element elementor-element-39f4965 elementor-grid-2 elementor-grid-tablet-2 elementor-grid-mobile-1 elementor-widget elementor-widget-loop-grid\" data-id=\"39f4965\" data-element_type=\"widget\" data-settings=\"{&quot;template_id&quot;:&quot;5267&quot;,&quot;columns&quot;:2,&quot;_skin&quot;:&quot;post&quot;,&quot;columns_tablet&quot;:&quot;2&quot;,&quot;columns_mobile&quot;:&quot;1&quot;,&quot;edit_handle_selector&quot;:&quot;[data-elementor-type=\\&quot;loop-item\\&quot;]&quot;,&quot;row_gap&quot;:{&quot;unit&quot;:&quot;px&quot;,&quot;size&quot;:&quot;&quot;,&quot;sizes&quot;:[]},&quot;row_gap_widescreen&quot;:{&quot;unit&quot;:&quot;px&quot;,&quot;size&quot;:&quot;&quot;,&quot;sizes&quot;:[]},&quot;row_gap_tablet&quot;:{&quot;unit&quot;:&quot;px&quot;,&quot;size&quot;:&quot;&quot;,&quot;sizes&quot;:[]},&quot;row_gap_mobile&quot;:{&quot;unit&quot;:&quot;px&quot;,&quot;size&quot;:&quot;&quot;,&quot;sizes&quot;:[]}}\" data-widget_type=\"loop-grid.post\">\n\t\t\t\t<div class=\"elementor-widget-container\">\n\t\t\t\t\t\t\t<div class=\"elementor-loop-container elementor-grid\" role=\"list\">\n\t\t<style id=\"loop-5267\">.elementor-5267 .elementor-element.elementor-element-68474cec{--display:flex;--flex-direction:column;--container-widget-width:100%;--container-widget-height:initial;--container-widget-flex-grow:0;--container-widget-align-self:initial;--flex-wrap-mobile:wrap;--gap:10px 10px;--row-gap:10px;--column-gap:10px;--padding-top:0px;--padding-bottom:0px;--padding-left:0px;--padding-right:0px;}.elementor-widget-image .widget-image-caption{color:var( --e-global-color-text );}.elementor-widget-theme-post-title .elementor-heading-title{color:var( --e-global-color-primary );}.elementor-5267 .elementor-element.elementor-element-56557e4 > .elementor-widget-container{margin:0px 0px -10px 0px;}.elementor-5267 .elementor-element.elementor-element-56557e4 .elementor-heading-title{font-size:24px;font-weight:800;text-transform:uppercase;color:var( --e-global-color-text );}.elementor-widget-text-editor{color:var( --e-global-color-text );}.elementor-widget-text-editor.elementor-drop-cap-view-stacked .elementor-drop-cap{background-color:var( --e-global-color-primary );}.elementor-widget-text-editor.elementor-drop-cap-view-framed .elementor-drop-cap, .elementor-widget-text-editor.elementor-drop-cap-view-default .elementor-drop-cap{color:var( --e-global-color-primary );border-color:var( --e-global-color-primary );}.elementor-5267 .elementor-element.elementor-element-86ff771 > .elementor-widget-container{margin:-5px 0px 0px 0px;}.elementor-5267 .elementor-element.elementor-element-86ff771{font-size:18px;font-weight:400;}.elementor-5267 .elementor-element.elementor-element-df3b106{--display:flex;--flex-direction:row;--container-widget-width:initial;--container-widget-height:100%;--container-widget-flex-grow:1;--container-widget-align-self:stretch;--flex-wrap-mobile:wrap;--gap:5px 5px;--row-gap:5px;--column-gap:5px;--padding-top:0px;--padding-bottom:0px;--padding-left:0px;--padding-right:0px;}.elementor-5267 .elementor-element.elementor-element-10de943 > .elementor-widget-container{margin:0px 5px 0px 0px;}.elementor-5267 .elementor-element.elementor-element-10de943.elementor-element{--align-self:center;}.elementor-5267 .elementor-element.elementor-element-10de943{font-size:16px;font-weight:400;color:var( --e-global-color-text );}.elementor-5267 .elementor-element.elementor-element-c191ae1 img{width:100%;max-width:25px;}.elementor-5267 .elementor-element.elementor-element-a0d8bc3 img{width:100%;max-width:25px;}.elementor-5267 .elementor-element.elementor-element-240b448 img{width:100%;max-width:25px;}.elementor-5267 .elementor-element.elementor-element-3d29aaf img{width:100%;max-width:25px;}<\/style>\t\t<div data-elementor-type=\"loop-item\" data-elementor-id=\"5267\" class=\"elementor elementor-5267 e-loop-item e-loop-item-7215 post-7215 team type-team status-publish has-post-thumbnail hentry team_category-metti-torino-a-cena\" data-elementor-post-type=\"elementor_library\" data-custom-edit-handle=\"1\">\n\t\t\t<div class=\"elementor-element elementor-element-68474cec e-flex e-con-boxed e-con e-parent\" data-id=\"68474cec\" data-element_type=\"container\">\n\t\t\t\t\t<div class=\"e-con-inner\">\n\t\t\t\t<div class=\"elementor-element elementor-element-18929d8 elementor-widget elementor-widget-image\" data-id=\"18929d8\" data-element_type=\"widget\" data-widget_type=\"image.default\">\n\t\t\t\t<div class=\"elementor-widget-container\">\n\t\t\t\t\t\t\t\t\t\t\t\t\t\t\t\t<a href=\"https:\/\/buonissimatorino.it\/edizione-2024\/Ospiti\/ded-gaci\/\">\n\t\t\t\t\t\t\t<img fetchpriority=\"high\" decoding=\"async\" width=\"768\" height=\"768\" src=\"https:\/\/buonissimatorino.it\/edizione-2024\/wp-content\/uploads\/2024\/10\/Ded-Ganci-768x768.webp\" class=\"attachment-medium_large size-medium_large wp-image-7216\" alt=\"\" srcset=\"https:\/\/buonissimatorino.it\/edizione-2024\/wp-content\/uploads\/2024\/10\/Ded-Ganci-768x768.webp 768w, https:\/\/buonissimatorino.it\/edizione-2024\/wp-content\/uploads\/2024\/10\/Ded-Ganci-300x300.webp 300w, https:\/\/buonissimatorino.it\/edizione-2024\/wp-content\/uploads\/2024\/10\/Ded-Ganci-150x150.webp 150w, https:\/\/buonissimatorino.it\/edizione-2024\/wp-content\/uploads\/2024\/10\/Ded-Ganci-12x12.webp 12w, https:\/\/buonissimatorino.it\/edizione-2024\/wp-content\/uploads\/2024\/10\/Ded-Ganci.webp 1080w\" sizes=\"(max-width: 768px) 100vw, 768px\" \/>\t\t\t\t\t\t\t\t<\/a>\n\t\t\t\t\t\t\t\t\t\t\t\t\t\t\t<\/div>\n\t\t\t\t<\/div>\n\t\t\t\t<div class=\"elementor-element elementor-element-56557e4 elementor-widget elementor-widget-theme-post-title elementor-page-title elementor-widget-heading\" data-id=\"56557e4\" data-element_type=\"widget\" data-widget_type=\"theme-post-title.default\">\n\t\t\t\t<div class=\"elementor-widget-container\">\n\t\t\t\t\t<h5 class=\"elementor-heading-title elementor-size-default\"><a href=\"https:\/\/buonissimatorino.it\/edizione-2024\/Ospiti\/ded-gaci\/\">Ded Gaci<\/a><\/h5>\t\t\t\t<\/div>\n\t\t\t\t<\/div>\n\t\t\t\t<div class=\"elementor-element elementor-element-86ff771 elementor-widget elementor-widget-text-editor\" data-id=\"86ff771\" data-element_type=\"widget\" data-widget_type=\"text-editor.default\">\n\t\t\t\t<div class=\"elementor-widget-container\">\n\t\t\t\t\t\t\t\t\tRistorante Insieme &#8211; Dal Clandestino, Torino, Italia \t\t\t\t\t\t\t\t<\/div>\n\t\t\t\t<\/div>\n\t\t<div class=\"elementor-element elementor-element-df3b106 e-con-full e-flex e-con e-child\" data-id=\"df3b106\" data-element_type=\"container\">\n\t\t\t\t<\/div>\n\t\t\t\t\t<\/div>\n\t\t\t\t<\/div>\n\t\t\t\t<\/div>\n\t\t\t\t<div data-elementor-type=\"loop-item\" data-elementor-id=\"5267\" class=\"elementor elementor-5267 e-loop-item e-loop-item-7222 post-7222 team type-team status-publish has-post-thumbnail hentry team_category-metti-torino-a-cena\" data-elementor-post-type=\"elementor_library\" data-custom-edit-handle=\"1\">\n\t\t\t<div class=\"elementor-element elementor-element-68474cec e-flex e-con-boxed e-con e-parent\" data-id=\"68474cec\" data-element_type=\"container\">\n\t\t\t\t\t<div class=\"e-con-inner\">\n\t\t\t\t<div class=\"elementor-element elementor-element-18929d8 elementor-widget elementor-widget-image\" data-id=\"18929d8\" data-element_type=\"widget\" data-widget_type=\"image.default\">\n\t\t\t\t<div class=\"elementor-widget-container\">\n\t\t\t\t\t\t\t\t\t\t\t\t\t\t\t\t<a href=\"https:\/\/buonissimatorino.it\/edizione-2024\/Ospiti\/michele-valotti\/\">\n\t\t\t\t\t\t\t<img decoding=\"async\" width=\"768\" height=\"768\" src=\"https:\/\/buonissimatorino.it\/edizione-2024\/wp-content\/uploads\/2024\/10\/Michele-Valotti-768x768.webp\" class=\"attachment-medium_large size-medium_large wp-image-7223\" alt=\"Michele Valotti - ristorante La Madia\" srcset=\"https:\/\/buonissimatorino.it\/edizione-2024\/wp-content\/uploads\/2024\/10\/Michele-Valotti-768x768.webp 768w, https:\/\/buonissimatorino.it\/edizione-2024\/wp-content\/uploads\/2024\/10\/Michele-Valotti-300x300.webp 300w, https:\/\/buonissimatorino.it\/edizione-2024\/wp-content\/uploads\/2024\/10\/Michele-Valotti-150x150.webp 150w, https:\/\/buonissimatorino.it\/edizione-2024\/wp-content\/uploads\/2024\/10\/Michele-Valotti-12x12.webp 12w, https:\/\/buonissimatorino.it\/edizione-2024\/wp-content\/uploads\/2024\/10\/Michele-Valotti.webp 1080w\" sizes=\"(max-width: 768px) 100vw, 768px\" \/>\t\t\t\t\t\t\t\t<\/a>\n\t\t\t\t\t\t\t\t\t\t\t\t\t\t\t<\/div>\n\t\t\t\t<\/div>\n\t\t\t\t<div class=\"elementor-element elementor-element-56557e4 elementor-widget elementor-widget-theme-post-title elementor-page-title elementor-widget-heading\" data-id=\"56557e4\" data-element_type=\"widget\" data-widget_type=\"theme-post-title.default\">\n\t\t\t\t<div class=\"elementor-widget-container\">\n\t\t\t\t\t<h5 class=\"elementor-heading-title elementor-size-default\"><a href=\"https:\/\/buonissimatorino.it\/edizione-2024\/Ospiti\/michele-valotti\/\">Michele Valotti<\/a><\/h5>\t\t\t\t<\/div>\n\t\t\t\t<\/div>\n\t\t\t\t<div class=\"elementor-element elementor-element-86ff771 elementor-widget elementor-widget-text-editor\" data-id=\"86ff771\" data-element_type=\"widget\" data-widget_type=\"text-editor.default\">\n\t\t\t\t<div class=\"elementor-widget-container\">\n\t\t\t\t\t\t\t\t\tLa Madia, Brescia, Italia \t\t\t\t\t\t\t\t<\/div>\n\t\t\t\t<\/div>\n\t\t<div class=\"elementor-element elementor-element-df3b106 e-con-full e-flex e-con e-child\" data-id=\"df3b106\" data-element_type=\"container\">\n\t\t\t\t<\/div>\n\t\t\t\t\t<\/div>\n\t\t\t\t<\/div>\n\t\t\t\t<\/div>\n\t\t\t\t<\/div>\n\t\t\n\t\t\t\t\t\t<\/div>\n\t\t\t\t<\/div>\n\t\t\t\t<\/div>\n\t\t\t\t\t<\/div>\n\t\t\t\t<\/div>\n\t\t\t\t<\/div>\n\t\t","protected":false},"excerpt":{"rendered":"<p>Innovazione nella tradizione \u00e8 la filosofia del ristorante Insieme, guidato dallo chef Ded Gaci. Situato nel cuore di Torino, offre una cucina fresca e in costante evoluzione, che valorizza la stagionalit\u00e0 con sapori autentici. La selezione attenta dei produttori locali garantisce ingredienti di qualit\u00e0, esaltando le peculiarit\u00e0 di ogni territorio italiano. Insieme \u00e8 una continua [&hellip;]<\/p>\n","protected":false},"featured_media":7229,"template":"","meta":{"_acf_changed":false},"categories":[1],"tags":[],"class_list":["post-7225","ristoranti","type-ristoranti","status-publish","has-post-thumbnail","hentry","category-metti-torino-a-cena"],"acf":[],"yoast_head":"<!-- This site is optimized with the Yoast SEO plugin v26.4 - https:\/\/yoast.com\/wordpress\/plugins\/seo\/ -->\n<title>INSIEME dal Clandestino - Buonissima Torino 2024<\/title>\n<meta name=\"description\" content=\"INSIEME dal Clandestino, in occasione di Buonissima 2024, parteciper\u00e0 a Metti Torino a cena, con un menu dedicato e uno chef ospite. Scopri di pi\u00f9\" \/>\n<meta name=\"robots\" content=\"noindex, follow, max-snippet:-1, max-image-preview:large, max-video-preview:-1\" \/>\n<meta property=\"og:locale\" content=\"it_IT\" \/>\n<meta property=\"og:type\" content=\"article\" \/>\n<meta property=\"og:title\" content=\"INSIEME dal Clandestino - Buonissima Torino 2024\" \/>\n<meta property=\"og:description\" content=\"INSIEME dal Clandestino, in occasione di Buonissima 2024, parteciper\u00e0 a Metti Torino a cena, con un menu dedicato e uno chef ospite. Scopri di pi\u00f9\" \/>\n<meta property=\"og:url\" content=\"https:\/\/buonissimatorino.it\/edizione-2024\/ristoranti\/insieme\/\" \/>\n<meta property=\"og:site_name\" content=\"Buonissima Torino 2024\" \/>\n<meta property=\"article:modified_time\" content=\"2024-10-22T10:30:43+00:00\" \/>\n<meta property=\"og:image\" content=\"https:\/\/buonissimatorino.it\/edizione-2024\/wp-content\/uploads\/2024\/10\/Insieme.webp\" \/>\n\t<meta property=\"og:image:width\" content=\"1080\" \/>\n\t<meta property=\"og:image:height\" content=\"1080\" \/>\n\t<meta property=\"og:image:type\" content=\"image\/webp\" \/>\n<meta name=\"twitter:card\" content=\"summary_large_image\" \/>\n<meta name=\"twitter:label1\" content=\"Tempo di lettura stimato\" \/>\n\t<meta name=\"twitter:data1\" content=\"2 minuti\" \/>\n<script type=\"application\/ld+json\" class=\"yoast-schema-graph\">{\"@context\":\"https:\/\/schema.org\",\"@graph\":[{\"@type\":\"WebPage\",\"@id\":\"https:\/\/buonissimatorino.it\/edizione-2024\/ristoranti\/insieme\/\",\"url\":\"https:\/\/buonissimatorino.it\/edizione-2024\/ristoranti\/insieme\/\",\"name\":\"INSIEME dal Clandestino - Buonissima Torino 2024\",\"isPartOf\":{\"@id\":\"https:\/\/buonissimatorino.it\/edizione-2024\/#website\"},\"primaryImageOfPage\":{\"@id\":\"https:\/\/buonissimatorino.it\/edizione-2024\/ristoranti\/insieme\/#primaryimage\"},\"image\":{\"@id\":\"https:\/\/buonissimatorino.it\/edizione-2024\/ristoranti\/insieme\/#primaryimage\"},\"thumbnailUrl\":\"https:\/\/buonissimatorino.it\/edizione-2024\/wp-content\/uploads\/2024\/10\/Insieme.webp\",\"datePublished\":\"2024-10-02T13:36:56+00:00\",\"dateModified\":\"2024-10-22T10:30:43+00:00\",\"description\":\"INSIEME dal Clandestino, in occasione di Buonissima 2024, parteciper\u00e0 a Metti Torino a cena, con un menu dedicato e uno chef ospite. Scopri di pi\u00f9\",\"breadcrumb\":{\"@id\":\"https:\/\/buonissimatorino.it\/edizione-2024\/ristoranti\/insieme\/#breadcrumb\"},\"inLanguage\":\"it-IT\",\"potentialAction\":[{\"@type\":\"ReadAction\",\"target\":[\"https:\/\/buonissimatorino.it\/edizione-2024\/ristoranti\/insieme\/\"]}]},{\"@type\":\"ImageObject\",\"inLanguage\":\"it-IT\",\"@id\":\"https:\/\/buonissimatorino.it\/edizione-2024\/ristoranti\/insieme\/#primaryimage\",\"url\":\"https:\/\/buonissimatorino.it\/edizione-2024\/wp-content\/uploads\/2024\/10\/Insieme.webp\",\"contentUrl\":\"https:\/\/buonissimatorino.it\/edizione-2024\/wp-content\/uploads\/2024\/10\/Insieme.webp\",\"width\":1080,\"height\":1080,\"caption\":\"Insieme - Metti Torino a Cena, Cena a 4 mani - Buonissima 2024\"},{\"@type\":\"BreadcrumbList\",\"@id\":\"https:\/\/buonissimatorino.it\/edizione-2024\/ristoranti\/insieme\/#breadcrumb\",\"itemListElement\":[{\"@type\":\"ListItem\",\"position\":1,\"name\":\"Home\",\"item\":\"https:\/\/buonissimatorino.it\/edizione-2024\/\"},{\"@type\":\"ListItem\",\"position\":2,\"name\":\"Ristoranti\",\"item\":\"https:\/\/buonissimatorino.it\/edizione-2024\/en\/ristoranti\/\"},{\"@type\":\"ListItem\",\"position\":3,\"name\":\"INSIEME dal Clandestino\"}]},{\"@type\":\"WebSite\",\"@id\":\"https:\/\/buonissimatorino.it\/edizione-2024\/#website\",\"url\":\"https:\/\/buonissimatorino.it\/edizione-2024\/\",\"name\":\"Buonissima Torino 2024\",\"description\":\"Cibo, Arte e Bellezza\",\"publisher\":{\"@id\":\"https:\/\/buonissimatorino.it\/edizione-2024\/#organization\"},\"potentialAction\":[{\"@type\":\"SearchAction\",\"target\":{\"@type\":\"EntryPoint\",\"urlTemplate\":\"https:\/\/buonissimatorino.it\/edizione-2024\/?s={search_term_string}\"},\"query-input\":{\"@type\":\"PropertyValueSpecification\",\"valueRequired\":true,\"valueName\":\"search_term_string\"}}],\"inLanguage\":\"it-IT\"},{\"@type\":\"Organization\",\"@id\":\"https:\/\/buonissimatorino.it\/edizione-2024\/#organization\",\"name\":\"Buonissima Torino 2024\",\"url\":\"https:\/\/buonissimatorino.it\/edizione-2024\/\",\"logo\":{\"@type\":\"ImageObject\",\"inLanguage\":\"it-IT\",\"@id\":\"https:\/\/buonissimatorino.it\/edizione-2024\/#\/schema\/logo\/image\/\",\"url\":\"https:\/\/buonissimatorino.it\/edizione-2024\/wp-content\/uploads\/2024\/05\/Buonissima-Logo.png\",\"contentUrl\":\"https:\/\/buonissimatorino.it\/edizione-2024\/wp-content\/uploads\/2024\/05\/Buonissima-Logo.png\",\"width\":350,\"height\":100,\"caption\":\"Buonissima Torino 2024\"},\"image\":{\"@id\":\"https:\/\/buonissimatorino.it\/edizione-2024\/#\/schema\/logo\/image\/\"}}]}<\/script>\n<!-- \/ Yoast SEO plugin. -->","yoast_head_json":{"title":"INSIEME dal Clandestino - Buonissima Torino 2024","description":"INSIEME dal Clandestino, in occasione di Buonissima 2024, parteciper\u00e0 a Metti Torino a cena, con un menu dedicato e uno chef ospite. Scopri di pi\u00f9","robots":{"index":"noindex","follow":"follow","max-snippet":"max-snippet:-1","max-image-preview":"max-image-preview:large","max-video-preview":"max-video-preview:-1"},"og_locale":"it_IT","og_type":"article","og_title":"INSIEME dal Clandestino - Buonissima Torino 2024","og_description":"INSIEME dal Clandestino, in occasione di Buonissima 2024, parteciper\u00e0 a Metti Torino a cena, con un menu dedicato e uno chef ospite. Scopri di pi\u00f9","og_url":"https:\/\/buonissimatorino.it\/edizione-2024\/ristoranti\/insieme\/","og_site_name":"Buonissima Torino 2024","article_modified_time":"2024-10-22T10:30:43+00:00","og_image":[{"width":1080,"height":1080,"url":"https:\/\/buonissimatorino.it\/edizione-2024\/wp-content\/uploads\/2024\/10\/Insieme.webp","type":"image\/webp"}],"twitter_card":"summary_large_image","twitter_misc":{"Tempo di lettura stimato":"2 minuti"},"schema":{"@context":"https:\/\/schema.org","@graph":[{"@type":"WebPage","@id":"https:\/\/buonissimatorino.it\/edizione-2024\/ristoranti\/insieme\/","url":"https:\/\/buonissimatorino.it\/edizione-2024\/ristoranti\/insieme\/","name":"INSIEME dal Clandestino - Buonissima Torino 2024","isPartOf":{"@id":"https:\/\/buonissimatorino.it\/edizione-2024\/#website"},"primaryImageOfPage":{"@id":"https:\/\/buonissimatorino.it\/edizione-2024\/ristoranti\/insieme\/#primaryimage"},"image":{"@id":"https:\/\/buonissimatorino.it\/edizione-2024\/ristoranti\/insieme\/#primaryimage"},"thumbnailUrl":"https:\/\/buonissimatorino.it\/edizione-2024\/wp-content\/uploads\/2024\/10\/Insieme.webp","datePublished":"2024-10-02T13:36:56+00:00","dateModified":"2024-10-22T10:30:43+00:00","description":"INSIEME dal Clandestino, in occasione di Buonissima 2024, parteciper\u00e0 a Metti Torino a cena, con un menu dedicato e uno chef ospite. Scopri di pi\u00f9","breadcrumb":{"@id":"https:\/\/buonissimatorino.it\/edizione-2024\/ristoranti\/insieme\/#breadcrumb"},"inLanguage":"it-IT","potentialAction":[{"@type":"ReadAction","target":["https:\/\/buonissimatorino.it\/edizione-2024\/ristoranti\/insieme\/"]}]},{"@type":"ImageObject","inLanguage":"it-IT","@id":"https:\/\/buonissimatorino.it\/edizione-2024\/ristoranti\/insieme\/#primaryimage","url":"https:\/\/buonissimatorino.it\/edizione-2024\/wp-content\/uploads\/2024\/10\/Insieme.webp","contentUrl":"https:\/\/buonissimatorino.it\/edizione-2024\/wp-content\/uploads\/2024\/10\/Insieme.webp","width":1080,"height":1080,"caption":"Insieme - Metti Torino a Cena, Cena a 4 mani - Buonissima 2024"},{"@type":"BreadcrumbList","@id":"https:\/\/buonissimatorino.it\/edizione-2024\/ristoranti\/insieme\/#breadcrumb","itemListElement":[{"@type":"ListItem","position":1,"name":"Home","item":"https:\/\/buonissimatorino.it\/edizione-2024\/"},{"@type":"ListItem","position":2,"name":"Ristoranti","item":"https:\/\/buonissimatorino.it\/edizione-2024\/en\/ristoranti\/"},{"@type":"ListItem","position":3,"name":"INSIEME dal Clandestino"}]},{"@type":"WebSite","@id":"https:\/\/buonissimatorino.it\/edizione-2024\/#website","url":"https:\/\/buonissimatorino.it\/edizione-2024\/","name":"Buonissima Torino 2024","description":"Cibo, Arte e Bellezza","publisher":{"@id":"https:\/\/buonissimatorino.it\/edizione-2024\/#organization"},"potentialAction":[{"@type":"SearchAction","target":{"@type":"EntryPoint","urlTemplate":"https:\/\/buonissimatorino.it\/edizione-2024\/?s={search_term_string}"},"query-input":{"@type":"PropertyValueSpecification","valueRequired":true,"valueName":"search_term_string"}}],"inLanguage":"it-IT"},{"@type":"Organization","@id":"https:\/\/buonissimatorino.it\/edizione-2024\/#organization","name":"Buonissima Torino 2024","url":"https:\/\/buonissimatorino.it\/edizione-2024\/","logo":{"@type":"ImageObject","inLanguage":"it-IT","@id":"https:\/\/buonissimatorino.it\/edizione-2024\/#\/schema\/logo\/image\/","url":"https:\/\/buonissimatorino.it\/edizione-2024\/wp-content\/uploads\/2024\/05\/Buonissima-Logo.png","contentUrl":"https:\/\/buonissimatorino.it\/edizione-2024\/wp-content\/uploads\/2024\/05\/Buonissima-Logo.png","width":350,"height":100,"caption":"Buonissima Torino 2024"},"image":{"@id":"https:\/\/buonissimatorino.it\/edizione-2024\/#\/schema\/logo\/image\/"}}]}},"_links":{"self":[{"href":"https:\/\/buonissimatorino.it\/edizione-2024\/wp-json\/wp\/v2\/ristoranti\/7225","targetHints":{"allow":["GET"]}}],"collection":[{"href":"https:\/\/buonissimatorino.it\/edizione-2024\/wp-json\/wp\/v2\/ristoranti"}],"about":[{"href":"https:\/\/buonissimatorino.it\/edizione-2024\/wp-json\/wp\/v2\/types\/ristoranti"}],"version-history":[{"count":12,"href":"https:\/\/buonissimatorino.it\/edizione-2024\/wp-json\/wp\/v2\/ristoranti\/7225\/revisions"}],"predecessor-version":[{"id":8495,"href":"https:\/\/buonissimatorino.it\/edizione-2024\/wp-json\/wp\/v2\/ristoranti\/7225\/revisions\/8495"}],"wp:featuredmedia":[{"embeddable":true,"href":"https:\/\/buonissimatorino.it\/edizione-2024\/wp-json\/wp\/v2\/media\/7229"}],"wp:attachment":[{"href":"https:\/\/buonissimatorino.it\/edizione-2024\/wp-json\/wp\/v2\/media?parent=7225"}],"wp:term":[{"taxonomy":"category","embeddable":true,"href":"https:\/\/buonissimatorino.it\/edizione-2024\/wp-json\/wp\/v2\/categories?post=7225"},{"taxonomy":"post_tag","embeddable":true,"href":"https:\/\/buonissimatorino.it\/edizione-2024\/wp-json\/wp\/v2\/tags?post=7225"}],"curies":[{"name":"wp","href":"https:\/\/api.w.org\/{rel}","templated":true}]}}