{"id":6631,"date":"2024-10-01T13:01:40","date_gmt":"2024-10-01T11:01:40","guid":{"rendered":"https:\/\/buonissimatorino.it\/edizione-2024\/?post_type=ristoranti&#038;p=6631"},"modified":"2024-10-24T10:40:47","modified_gmt":"2024-10-24T08:40:47","slug":"birichin","status":"publish","type":"ristoranti","link":"https:\/\/buonissimatorino.it\/edizione-2024\/ristoranti\/birichin\/","title":{"rendered":"Birichin"},"content":{"rendered":"\t\t<div data-elementor-type=\"wp-post\" data-elementor-id=\"6631\" class=\"elementor elementor-6631\" data-elementor-post-type=\"ristoranti\">\n\t\t\t\t<div class=\"elementor-element elementor-element-183b1520 e-flex e-con-boxed e-con e-parent\" data-id=\"183b1520\" data-element_type=\"container\">\n\t\t\t\t\t<div class=\"e-con-inner\">\n\t\t\t\t<div class=\"elementor-element elementor-element-14b69ec4 elementor-widget elementor-widget-text-editor\" data-id=\"14b69ec4\" data-element_type=\"widget\" data-widget_type=\"text-editor.default\">\n\t\t\t\t<div class=\"elementor-widget-container\">\n\t\t\t\t\t\t\t\t\t<p>Il Ristorante Birichin, fondato nel 1993, rappresenta un punto di riferimento nel panorama gastronomico torinese. Celebre per la sua eccellenza culinaria, Birichin \u00e8 molto pi\u00f9 di un semplice ristorante: \u00e8 un luogo dove raffinatezza, fascino e ospitalit\u00e0 si fondono per creare esperienze indimenticabili. Nel cuore di Torino, questo ristorante \u00e8 una destinazione imperdibile per gli amanti del buon cibo e della cultura enogastronomica.<\/p>\t\t\t\t\t\t\t\t<\/div>\n\t\t\t\t<\/div>\n\t\t<div class=\"elementor-element elementor-element-0732746 e-con-full e-flex e-con e-child\" data-id=\"0732746\" data-element_type=\"container\">\n\t\t\t\t<div class=\"elementor-element elementor-element-ac45d42 elementor-widget__width-inherit elementor-widget elementor-widget-heading\" data-id=\"ac45d42\" data-element_type=\"widget\" data-widget_type=\"heading.default\">\n\t\t\t\t<div class=\"elementor-widget-container\">\n\t\t\t\t\t<h3 class=\"elementor-heading-title elementor-size-default\">Metti Torino a cena<\/h3>\t\t\t\t<\/div>\n\t\t\t\t<\/div>\n\t\t\t\t<div class=\"elementor-element elementor-element-fb45f2a elementor-widget__width-inherit elementor-widget elementor-widget-heading\" data-id=\"fb45f2a\" data-element_type=\"widget\" data-widget_type=\"heading.default\">\n\t\t\t\t<div class=\"elementor-widget-container\">\n\t\t\t\t\t<h5 class=\"elementor-heading-title elementor-size-default\">la cena a 4 mani<\/h5>\t\t\t\t<\/div>\n\t\t\t\t<\/div>\n\t\t\t\t<div class=\"elementor-element elementor-element-5032ca2 elementor-widget elementor-widget-text-editor\" data-id=\"5032ca2\" data-element_type=\"widget\" data-widget_type=\"text-editor.default\">\n\t\t\t\t<div class=\"elementor-widget-container\">\n\t\t\t\t\t\t\t\t\t&#8211; Venerd\u00ec 25 ottobre &#8211; ore 20:00\t\t\t\t\t\t\t\t<\/div>\n\t\t\t\t<\/div>\n\t\t\t\t<div class=\"elementor-element elementor-element-c801059 elenco-paragrafo elementor-widget elementor-widget-text-editor\" data-id=\"c801059\" data-element_type=\"widget\" data-widget_type=\"text-editor.default\">\n\t\t\t\t<div class=\"elementor-widget-container\">\n\t\t\t\t\t\t\t\t\t<p><strong>Men\u00f9 dedicato:<\/strong><\/p><p><strong><em>Entr\u00e8e<\/em><\/strong><\/p><ul><li>Finocchio, \u201cesparde\u00f1as\u201d e salsa di mare con caviale Beluga<\/li><li>Mazzancolle e lamponi<\/li><li>Ostrica<\/li><\/ul><p><em>Abbinamento vino: Alta Langa Rapide Extra Brut 2018 | Roberto Garbarino<\/em><\/p><p><em><strong>Men\u00f9<\/strong><\/em><\/p><ul><li>Tartare di calamaro, mela verde, emulsione di liquirizia e aglio nero<br \/><em>Abbinamento vino: Alta Langa Cuv\u00e9e Aurora 100 mesi Pas Dos\u00e9 2012 | Banfi<\/em><\/li><li>Duo di gambero rosso &#8220;Carabineros&#8221; e avocado, sedano, pomodoro e menta<br \/><em><em>Abbinamento vino: V<\/em>ecchie Vigne 2022 , Verdicchio dei Castelli di Jesi | Umani Ronchi<\/em><\/li><li>Uovo &amp; cacao<\/li><li>Il \u201cPho\u201d a Torino<br \/><em><em>Abbinamento vino:\u00a0<\/em>Barolo MGA 2019 | Fontanafredda<\/em><\/li><li>Riso 11-06-14<br \/><em><em>Abbinamento vino:\u00a0<\/em>Brunello di Montalcino 2019 | Poggio alle Mura, Banfi<\/em><\/li><li>Filetto di cervo marinato, radici al tartufo, crema di amarena con radicchio di Treviso e pepe rosa<br \/><em>Abbinamento vino: Cannonau di Sardegna 2022 | AN-DA, Spakai<\/em><\/li><li>Cachi &#8211; Hoshigaki<\/li><li>Cioccolato Per\u00f9 Gobino, sale e olio <br \/><em>Abbinamento: Xyauy\u00f9 Oro 2018| Birrificio Baladin<\/em><\/li><li>Caff\u00e8 Moka Itierra | Lavazza<\/li><li>Torrone Barbero | Asti<\/li><\/ul><p><em><strong>Il piatto in collaborazione con Al Bronzo Barilla &#8220;Mezzi Rigatoni Al Bronzo Barilla Cime-Cacio-Uova&#8221; sar\u00e0 disponibile alla carta presso The Egg, il bistort del Birichin.<\/strong><\/em><\/p>\t\t\t\t\t\t\t\t<\/div>\n\t\t\t\t<\/div>\n\t\t\t\t<div class=\"elementor-element elementor-element-39f4965 elementor-grid-2 elementor-grid-tablet-2 elementor-grid-mobile-1 elementor-widget elementor-widget-loop-grid\" data-id=\"39f4965\" data-element_type=\"widget\" data-settings=\"{&quot;template_id&quot;:&quot;5267&quot;,&quot;columns&quot;:2,&quot;_skin&quot;:&quot;post&quot;,&quot;columns_tablet&quot;:&quot;2&quot;,&quot;columns_mobile&quot;:&quot;1&quot;,&quot;edit_handle_selector&quot;:&quot;[data-elementor-type=\\&quot;loop-item\\&quot;]&quot;,&quot;row_gap&quot;:{&quot;unit&quot;:&quot;px&quot;,&quot;size&quot;:&quot;&quot;,&quot;sizes&quot;:[]},&quot;row_gap_widescreen&quot;:{&quot;unit&quot;:&quot;px&quot;,&quot;size&quot;:&quot;&quot;,&quot;sizes&quot;:[]},&quot;row_gap_tablet&quot;:{&quot;unit&quot;:&quot;px&quot;,&quot;size&quot;:&quot;&quot;,&quot;sizes&quot;:[]},&quot;row_gap_mobile&quot;:{&quot;unit&quot;:&quot;px&quot;,&quot;size&quot;:&quot;&quot;,&quot;sizes&quot;:[]}}\" data-widget_type=\"loop-grid.post\">\n\t\t\t\t<div class=\"elementor-widget-container\">\n\t\t\t\t\t\t\t<div class=\"elementor-loop-container elementor-grid\" role=\"list\">\n\t\t<style id=\"loop-5267\">.elementor-5267 .elementor-element.elementor-element-68474cec{--display:flex;--flex-direction:column;--container-widget-width:100%;--container-widget-height:initial;--container-widget-flex-grow:0;--container-widget-align-self:initial;--flex-wrap-mobile:wrap;--gap:10px 10px;--row-gap:10px;--column-gap:10px;--padding-top:0px;--padding-bottom:0px;--padding-left:0px;--padding-right:0px;}.elementor-widget-image .widget-image-caption{color:var( --e-global-color-text );}.elementor-widget-theme-post-title .elementor-heading-title{color:var( --e-global-color-primary );}.elementor-5267 .elementor-element.elementor-element-56557e4 > .elementor-widget-container{margin:0px 0px -10px 0px;}.elementor-5267 .elementor-element.elementor-element-56557e4 .elementor-heading-title{font-size:24px;font-weight:800;text-transform:uppercase;color:var( --e-global-color-text );}.elementor-widget-text-editor{color:var( --e-global-color-text );}.elementor-widget-text-editor.elementor-drop-cap-view-stacked .elementor-drop-cap{background-color:var( --e-global-color-primary );}.elementor-widget-text-editor.elementor-drop-cap-view-framed .elementor-drop-cap, .elementor-widget-text-editor.elementor-drop-cap-view-default .elementor-drop-cap{color:var( --e-global-color-primary );border-color:var( --e-global-color-primary );}.elementor-5267 .elementor-element.elementor-element-86ff771 > .elementor-widget-container{margin:-5px 0px 0px 0px;}.elementor-5267 .elementor-element.elementor-element-86ff771{font-size:18px;font-weight:400;}.elementor-5267 .elementor-element.elementor-element-df3b106{--display:flex;--flex-direction:row;--container-widget-width:initial;--container-widget-height:100%;--container-widget-flex-grow:1;--container-widget-align-self:stretch;--flex-wrap-mobile:wrap;--gap:5px 5px;--row-gap:5px;--column-gap:5px;--padding-top:0px;--padding-bottom:0px;--padding-left:0px;--padding-right:0px;}.elementor-5267 .elementor-element.elementor-element-10de943 > .elementor-widget-container{margin:0px 5px 0px 0px;}.elementor-5267 .elementor-element.elementor-element-10de943.elementor-element{--align-self:center;}.elementor-5267 .elementor-element.elementor-element-10de943{font-size:16px;font-weight:400;color:var( --e-global-color-text );}.elementor-5267 .elementor-element.elementor-element-c191ae1 img{width:100%;max-width:25px;}.elementor-5267 .elementor-element.elementor-element-a0d8bc3 img{width:100%;max-width:25px;}.elementor-5267 .elementor-element.elementor-element-240b448 img{width:100%;max-width:25px;}.elementor-5267 .elementor-element.elementor-element-3d29aaf img{width:100%;max-width:25px;}<\/style>\t\t<div data-elementor-type=\"loop-item\" data-elementor-id=\"5267\" class=\"elementor elementor-5267 e-loop-item e-loop-item-6860 post-6860 team type-team status-publish has-post-thumbnail hentry team_category-metti-torino-a-cena\" data-elementor-post-type=\"elementor_library\" data-custom-edit-handle=\"1\">\n\t\t\t<div class=\"elementor-element elementor-element-68474cec e-flex e-con-boxed e-con e-parent\" data-id=\"68474cec\" data-element_type=\"container\">\n\t\t\t\t\t<div class=\"e-con-inner\">\n\t\t\t\t<div class=\"elementor-element elementor-element-18929d8 elementor-widget elementor-widget-image\" data-id=\"18929d8\" data-element_type=\"widget\" data-widget_type=\"image.default\">\n\t\t\t\t<div class=\"elementor-widget-container\">\n\t\t\t\t\t\t\t\t\t\t\t\t\t\t\t\t<a href=\"https:\/\/buonissimatorino.it\/edizione-2024\/Ospiti\/paolo-casagrande\/\">\n\t\t\t\t\t\t\t<img fetchpriority=\"high\" decoding=\"async\" width=\"768\" height=\"768\" src=\"https:\/\/buonissimatorino.it\/edizione-2024\/wp-content\/uploads\/2024\/10\/Paolo-Casagrande-768x768.webp\" class=\"attachment-medium_large size-medium_large wp-image-6861\" alt=\"Paolo Casagrande - ristorante Lasarte\" srcset=\"https:\/\/buonissimatorino.it\/edizione-2024\/wp-content\/uploads\/2024\/10\/Paolo-Casagrande-768x768.webp 768w, https:\/\/buonissimatorino.it\/edizione-2024\/wp-content\/uploads\/2024\/10\/Paolo-Casagrande-300x300.webp 300w, https:\/\/buonissimatorino.it\/edizione-2024\/wp-content\/uploads\/2024\/10\/Paolo-Casagrande-150x150.webp 150w, https:\/\/buonissimatorino.it\/edizione-2024\/wp-content\/uploads\/2024\/10\/Paolo-Casagrande-12x12.webp 12w, https:\/\/buonissimatorino.it\/edizione-2024\/wp-content\/uploads\/2024\/10\/Paolo-Casagrande.webp 1080w\" sizes=\"(max-width: 768px) 100vw, 768px\" \/>\t\t\t\t\t\t\t\t<\/a>\n\t\t\t\t\t\t\t\t\t\t\t\t\t\t\t<\/div>\n\t\t\t\t<\/div>\n\t\t\t\t<div class=\"elementor-element elementor-element-56557e4 elementor-widget elementor-widget-theme-post-title elementor-page-title elementor-widget-heading\" data-id=\"56557e4\" data-element_type=\"widget\" data-widget_type=\"theme-post-title.default\">\n\t\t\t\t<div class=\"elementor-widget-container\">\n\t\t\t\t\t<h5 class=\"elementor-heading-title elementor-size-default\"><a href=\"https:\/\/buonissimatorino.it\/edizione-2024\/Ospiti\/paolo-casagrande\/\">Paolo Casagrande<\/a><\/h5>\t\t\t\t<\/div>\n\t\t\t\t<\/div>\n\t\t\t\t<div class=\"elementor-element elementor-element-86ff771 elementor-widget elementor-widget-text-editor\" data-id=\"86ff771\" data-element_type=\"widget\" data-widget_type=\"text-editor.default\">\n\t\t\t\t<div class=\"elementor-widget-container\">\n\t\t\t\t\t\t\t\t\tLasarte, Barcellona, Spagna\t\t\t\t\t\t\t\t<\/div>\n\t\t\t\t<\/div>\n\t\t<div class=\"elementor-element elementor-element-df3b106 e-con-full e-flex e-con e-child\" data-id=\"df3b106\" data-element_type=\"container\">\n\t\t\t\t<div class=\"elementor-element elementor-element-10de943 elementor-widget elementor-widget-text-editor\" data-id=\"10de943\" data-element_type=\"widget\" data-widget_type=\"text-editor.default\">\n\t\t\t\t<div class=\"elementor-widget-container\">\n\t\t\t\t\t\t\t\t\tStelle Michelin:\t\t\t\t\t\t\t\t<\/div>\n\t\t\t\t<\/div>\n\t\t\t\t<div class=\"elementor-element elementor-element-c191ae1 elementor-widget elementor-widget-image\" data-id=\"c191ae1\" data-element_type=\"widget\" data-widget_type=\"image.default\">\n\t\t\t\t<div class=\"elementor-widget-container\">\n\t\t\t\t\t\t\t\t\t\t\t\t\t\t\t<img decoding=\"async\" width=\"100\" height=\"109\" src=\"https:\/\/buonissimatorino.it\/edizione-2024\/wp-content\/uploads\/2024\/09\/stella-michelin.png\" class=\"attachment-large size-large wp-image-5314\" alt=\"Stella Michelin\" srcset=\"https:\/\/buonissimatorino.it\/edizione-2024\/wp-content\/uploads\/2024\/09\/stella-michelin.png 100w, https:\/\/buonissimatorino.it\/edizione-2024\/wp-content\/uploads\/2024\/09\/stella-michelin-11x12.png 11w\" sizes=\"(max-width: 100px) 100vw, 100px\" \/>\t\t\t\t\t\t\t\t\t\t\t\t\t\t\t<\/div>\n\t\t\t\t<\/div>\n\t\t\t\t<div class=\"elementor-element elementor-element-a0d8bc3 elementor-widget elementor-widget-image\" data-id=\"a0d8bc3\" data-element_type=\"widget\" data-widget_type=\"image.default\">\n\t\t\t\t<div class=\"elementor-widget-container\">\n\t\t\t\t\t\t\t\t\t\t\t\t\t\t\t<img decoding=\"async\" width=\"100\" height=\"109\" src=\"https:\/\/buonissimatorino.it\/edizione-2024\/wp-content\/uploads\/2024\/09\/stella-michelin.png\" class=\"attachment-large size-large wp-image-5314\" alt=\"Stella Michelin\" srcset=\"https:\/\/buonissimatorino.it\/edizione-2024\/wp-content\/uploads\/2024\/09\/stella-michelin.png 100w, https:\/\/buonissimatorino.it\/edizione-2024\/wp-content\/uploads\/2024\/09\/stella-michelin-11x12.png 11w\" sizes=\"(max-width: 100px) 100vw, 100px\" \/>\t\t\t\t\t\t\t\t\t\t\t\t\t\t\t<\/div>\n\t\t\t\t<\/div>\n\t\t\t\t<div class=\"elementor-element elementor-element-240b448 elementor-widget elementor-widget-image\" data-id=\"240b448\" data-element_type=\"widget\" data-widget_type=\"image.default\">\n\t\t\t\t<div class=\"elementor-widget-container\">\n\t\t\t\t\t\t\t\t\t\t\t\t\t\t\t<img decoding=\"async\" width=\"100\" height=\"109\" src=\"https:\/\/buonissimatorino.it\/edizione-2024\/wp-content\/uploads\/2024\/09\/stella-michelin.png\" class=\"attachment-large size-large wp-image-5314\" alt=\"Stella Michelin\" srcset=\"https:\/\/buonissimatorino.it\/edizione-2024\/wp-content\/uploads\/2024\/09\/stella-michelin.png 100w, https:\/\/buonissimatorino.it\/edizione-2024\/wp-content\/uploads\/2024\/09\/stella-michelin-11x12.png 11w\" sizes=\"(max-width: 100px) 100vw, 100px\" \/>\t\t\t\t\t\t\t\t\t\t\t\t\t\t\t<\/div>\n\t\t\t\t<\/div>\n\t\t\t\t<\/div>\n\t\t\t\t\t<\/div>\n\t\t\t\t<\/div>\n\t\t\t\t<\/div>\n\t\t\t\t<div data-elementor-type=\"loop-item\" data-elementor-id=\"5267\" class=\"elementor elementor-5267 e-loop-item e-loop-item-6641 post-6641 team type-team status-publish has-post-thumbnail hentry team_category-metti-torino-a-cena\" data-elementor-post-type=\"elementor_library\" data-custom-edit-handle=\"1\">\n\t\t\t<div class=\"elementor-element elementor-element-68474cec e-flex e-con-boxed e-con e-parent\" data-id=\"68474cec\" data-element_type=\"container\">\n\t\t\t\t\t<div class=\"e-con-inner\">\n\t\t\t\t<div class=\"elementor-element elementor-element-18929d8 elementor-widget elementor-widget-image\" data-id=\"18929d8\" data-element_type=\"widget\" data-widget_type=\"image.default\">\n\t\t\t\t<div class=\"elementor-widget-container\">\n\t\t\t\t\t\t\t\t\t\t\t\t\t\t\t\t<a href=\"https:\/\/buonissimatorino.it\/edizione-2024\/Ospiti\/nicola-batavia\/\">\n\t\t\t\t\t\t\t<img decoding=\"async\" width=\"768\" height=\"768\" src=\"https:\/\/buonissimatorino.it\/edizione-2024\/wp-content\/uploads\/2024\/10\/Nicola-Batavia-768x768.webp\" class=\"attachment-medium_large size-medium_large wp-image-6652\" alt=\"Nicola Batavia del ristorante Birichin\" srcset=\"https:\/\/buonissimatorino.it\/edizione-2024\/wp-content\/uploads\/2024\/10\/Nicola-Batavia-768x768.webp 768w, https:\/\/buonissimatorino.it\/edizione-2024\/wp-content\/uploads\/2024\/10\/Nicola-Batavia-300x300.webp 300w, https:\/\/buonissimatorino.it\/edizione-2024\/wp-content\/uploads\/2024\/10\/Nicola-Batavia-1080x1080.webp 1080w, https:\/\/buonissimatorino.it\/edizione-2024\/wp-content\/uploads\/2024\/10\/Nicola-Batavia-150x150.webp 150w, https:\/\/buonissimatorino.it\/edizione-2024\/wp-content\/uploads\/2024\/10\/Nicola-Batavia-1536x1536.webp 1536w, https:\/\/buonissimatorino.it\/edizione-2024\/wp-content\/uploads\/2024\/10\/Nicola-Batavia-12x12.webp 12w, https:\/\/buonissimatorino.it\/edizione-2024\/wp-content\/uploads\/2024\/10\/Nicola-Batavia.webp 1920w\" sizes=\"(max-width: 768px) 100vw, 768px\" \/>\t\t\t\t\t\t\t\t<\/a>\n\t\t\t\t\t\t\t\t\t\t\t\t\t\t\t<\/div>\n\t\t\t\t<\/div>\n\t\t\t\t<div class=\"elementor-element elementor-element-56557e4 elementor-widget elementor-widget-theme-post-title elementor-page-title elementor-widget-heading\" data-id=\"56557e4\" data-element_type=\"widget\" data-widget_type=\"theme-post-title.default\">\n\t\t\t\t<div class=\"elementor-widget-container\">\n\t\t\t\t\t<h5 class=\"elementor-heading-title elementor-size-default\"><a href=\"https:\/\/buonissimatorino.it\/edizione-2024\/Ospiti\/nicola-batavia\/\">Nicola Batavia<\/a><\/h5>\t\t\t\t<\/div>\n\t\t\t\t<\/div>\n\t\t\t\t<div class=\"elementor-element elementor-element-86ff771 elementor-widget elementor-widget-text-editor\" data-id=\"86ff771\" data-element_type=\"widget\" data-widget_type=\"text-editor.default\">\n\t\t\t\t<div class=\"elementor-widget-container\">\n\t\t\t\t\t\t\t\t\tBirichin, Torino, Italia\t\t\t\t\t\t\t\t<\/div>\n\t\t\t\t<\/div>\n\t\t<div class=\"elementor-element elementor-element-df3b106 e-con-full e-flex e-con e-child\" data-id=\"df3b106\" data-element_type=\"container\">\n\t\t\t\t<\/div>\n\t\t\t\t\t<\/div>\n\t\t\t\t<\/div>\n\t\t\t\t<\/div>\n\t\t\t\t<\/div>\n\t\t\n\t\t\t\t\t\t<\/div>\n\t\t\t\t<\/div>\n\t\t\t\t<\/div>\n\t\t\t\t\t<\/div>\n\t\t\t\t<\/div>\n\t\t\t\t<\/div>\n\t\t","protected":false},"excerpt":{"rendered":"<p>Il Ristorante Birichin, fondato nel 1993, rappresenta un punto di riferimento nel panorama gastronomico torinese. Celebre per la sua eccellenza culinaria, Birichin \u00e8 molto pi\u00f9 di un semplice ristorante: \u00e8 un luogo dove raffinatezza, fascino e ospitalit\u00e0 si fondono per creare esperienze indimenticabili. Nel cuore di Torino, questo ristorante \u00e8 una destinazione imperdibile per gli [&hellip;]<\/p>\n","protected":false},"featured_media":6684,"template":"","meta":{"_acf_changed":false},"categories":[1],"tags":[],"class_list":["post-6631","ristoranti","type-ristoranti","status-publish","has-post-thumbnail","hentry","category-metti-torino-a-cena"],"acf":[],"yoast_head":"<!-- This site is optimized with the Yoast SEO plugin v26.4 - https:\/\/yoast.com\/wordpress\/plugins\/seo\/ -->\n<title>Birichin - Buonissima Torino 2024<\/title>\n<meta name=\"description\" content=\"Birichin, in occasione di Buonissima 2024, parteciper\u00e0 a Metti Torino a cena, con un menu dedicato e uno chef ospite. Scopri di pi\u00f9\" \/>\n<meta name=\"robots\" content=\"noindex, follow, max-snippet:-1, max-image-preview:large, max-video-preview:-1\" \/>\n<meta property=\"og:locale\" content=\"it_IT\" \/>\n<meta property=\"og:type\" content=\"article\" \/>\n<meta property=\"og:title\" content=\"Birichin - Buonissima Torino 2024\" \/>\n<meta property=\"og:description\" content=\"Birichin, in occasione di Buonissima 2024, parteciper\u00e0 a Metti Torino a cena, con un menu dedicato e uno chef ospite. Scopri di pi\u00f9\" \/>\n<meta property=\"og:url\" content=\"https:\/\/buonissimatorino.it\/edizione-2024\/ristoranti\/birichin\/\" \/>\n<meta property=\"og:site_name\" content=\"Buonissima Torino 2024\" \/>\n<meta property=\"article:modified_time\" content=\"2024-10-24T08:40:47+00:00\" \/>\n<meta property=\"og:image\" content=\"https:\/\/buonissimatorino.it\/edizione-2024\/wp-content\/uploads\/2024\/10\/Birichin.webp\" \/>\n\t<meta property=\"og:image:width\" content=\"1080\" \/>\n\t<meta property=\"og:image:height\" content=\"1080\" \/>\n\t<meta property=\"og:image:type\" content=\"image\/webp\" \/>\n<meta name=\"twitter:card\" content=\"summary_large_image\" \/>\n<meta name=\"twitter:label1\" content=\"Tempo di lettura stimato\" \/>\n\t<meta name=\"twitter:data1\" content=\"4 minuti\" \/>\n<script type=\"application\/ld+json\" class=\"yoast-schema-graph\">{\"@context\":\"https:\/\/schema.org\",\"@graph\":[{\"@type\":\"WebPage\",\"@id\":\"https:\/\/buonissimatorino.it\/edizione-2024\/ristoranti\/birichin\/\",\"url\":\"https:\/\/buonissimatorino.it\/edizione-2024\/ristoranti\/birichin\/\",\"name\":\"Birichin - Buonissima Torino 2024\",\"isPartOf\":{\"@id\":\"https:\/\/buonissimatorino.it\/edizione-2024\/#website\"},\"primaryImageOfPage\":{\"@id\":\"https:\/\/buonissimatorino.it\/edizione-2024\/ristoranti\/birichin\/#primaryimage\"},\"image\":{\"@id\":\"https:\/\/buonissimatorino.it\/edizione-2024\/ristoranti\/birichin\/#primaryimage\"},\"thumbnailUrl\":\"https:\/\/buonissimatorino.it\/edizione-2024\/wp-content\/uploads\/2024\/10\/Birichin.webp\",\"datePublished\":\"2024-10-01T11:01:40+00:00\",\"dateModified\":\"2024-10-24T08:40:47+00:00\",\"description\":\"Birichin, in occasione di Buonissima 2024, parteciper\u00e0 a Metti Torino a cena, con un menu dedicato e uno chef ospite. Scopri di pi\u00f9\",\"breadcrumb\":{\"@id\":\"https:\/\/buonissimatorino.it\/edizione-2024\/ristoranti\/birichin\/#breadcrumb\"},\"inLanguage\":\"it-IT\",\"potentialAction\":[{\"@type\":\"ReadAction\",\"target\":[\"https:\/\/buonissimatorino.it\/edizione-2024\/ristoranti\/birichin\/\"]}]},{\"@type\":\"ImageObject\",\"inLanguage\":\"it-IT\",\"@id\":\"https:\/\/buonissimatorino.it\/edizione-2024\/ristoranti\/birichin\/#primaryimage\",\"url\":\"https:\/\/buonissimatorino.it\/edizione-2024\/wp-content\/uploads\/2024\/10\/Birichin.webp\",\"contentUrl\":\"https:\/\/buonissimatorino.it\/edizione-2024\/wp-content\/uploads\/2024\/10\/Birichin.webp\",\"width\":1080,\"height\":1080,\"caption\":\"Birichin locale partecipante a metti torino a cena\"},{\"@type\":\"BreadcrumbList\",\"@id\":\"https:\/\/buonissimatorino.it\/edizione-2024\/ristoranti\/birichin\/#breadcrumb\",\"itemListElement\":[{\"@type\":\"ListItem\",\"position\":1,\"name\":\"Home\",\"item\":\"https:\/\/buonissimatorino.it\/edizione-2024\/\"},{\"@type\":\"ListItem\",\"position\":2,\"name\":\"Ristoranti\",\"item\":\"https:\/\/buonissimatorino.it\/edizione-2024\/en\/ristoranti\/\"},{\"@type\":\"ListItem\",\"position\":3,\"name\":\"Birichin\"}]},{\"@type\":\"WebSite\",\"@id\":\"https:\/\/buonissimatorino.it\/edizione-2024\/#website\",\"url\":\"https:\/\/buonissimatorino.it\/edizione-2024\/\",\"name\":\"Buonissima Torino 2024\",\"description\":\"Cibo, Arte e Bellezza\",\"publisher\":{\"@id\":\"https:\/\/buonissimatorino.it\/edizione-2024\/#organization\"},\"potentialAction\":[{\"@type\":\"SearchAction\",\"target\":{\"@type\":\"EntryPoint\",\"urlTemplate\":\"https:\/\/buonissimatorino.it\/edizione-2024\/?s={search_term_string}\"},\"query-input\":{\"@type\":\"PropertyValueSpecification\",\"valueRequired\":true,\"valueName\":\"search_term_string\"}}],\"inLanguage\":\"it-IT\"},{\"@type\":\"Organization\",\"@id\":\"https:\/\/buonissimatorino.it\/edizione-2024\/#organization\",\"name\":\"Buonissima Torino 2024\",\"url\":\"https:\/\/buonissimatorino.it\/edizione-2024\/\",\"logo\":{\"@type\":\"ImageObject\",\"inLanguage\":\"it-IT\",\"@id\":\"https:\/\/buonissimatorino.it\/edizione-2024\/#\/schema\/logo\/image\/\",\"url\":\"https:\/\/buonissimatorino.it\/edizione-2024\/wp-content\/uploads\/2024\/05\/Buonissima-Logo.png\",\"contentUrl\":\"https:\/\/buonissimatorino.it\/edizione-2024\/wp-content\/uploads\/2024\/05\/Buonissima-Logo.png\",\"width\":350,\"height\":100,\"caption\":\"Buonissima Torino 2024\"},\"image\":{\"@id\":\"https:\/\/buonissimatorino.it\/edizione-2024\/#\/schema\/logo\/image\/\"}}]}<\/script>\n<!-- \/ Yoast SEO plugin. -->","yoast_head_json":{"title":"Birichin - Buonissima Torino 2024","description":"Birichin, in occasione di Buonissima 2024, parteciper\u00e0 a Metti Torino a cena, con un menu dedicato e uno chef ospite. Scopri di pi\u00f9","robots":{"index":"noindex","follow":"follow","max-snippet":"max-snippet:-1","max-image-preview":"max-image-preview:large","max-video-preview":"max-video-preview:-1"},"og_locale":"it_IT","og_type":"article","og_title":"Birichin - Buonissima Torino 2024","og_description":"Birichin, in occasione di Buonissima 2024, parteciper\u00e0 a Metti Torino a cena, con un menu dedicato e uno chef ospite. Scopri di pi\u00f9","og_url":"https:\/\/buonissimatorino.it\/edizione-2024\/ristoranti\/birichin\/","og_site_name":"Buonissima Torino 2024","article_modified_time":"2024-10-24T08:40:47+00:00","og_image":[{"width":1080,"height":1080,"url":"https:\/\/buonissimatorino.it\/edizione-2024\/wp-content\/uploads\/2024\/10\/Birichin.webp","type":"image\/webp"}],"twitter_card":"summary_large_image","twitter_misc":{"Tempo di lettura stimato":"4 minuti"},"schema":{"@context":"https:\/\/schema.org","@graph":[{"@type":"WebPage","@id":"https:\/\/buonissimatorino.it\/edizione-2024\/ristoranti\/birichin\/","url":"https:\/\/buonissimatorino.it\/edizione-2024\/ristoranti\/birichin\/","name":"Birichin - Buonissima Torino 2024","isPartOf":{"@id":"https:\/\/buonissimatorino.it\/edizione-2024\/#website"},"primaryImageOfPage":{"@id":"https:\/\/buonissimatorino.it\/edizione-2024\/ristoranti\/birichin\/#primaryimage"},"image":{"@id":"https:\/\/buonissimatorino.it\/edizione-2024\/ristoranti\/birichin\/#primaryimage"},"thumbnailUrl":"https:\/\/buonissimatorino.it\/edizione-2024\/wp-content\/uploads\/2024\/10\/Birichin.webp","datePublished":"2024-10-01T11:01:40+00:00","dateModified":"2024-10-24T08:40:47+00:00","description":"Birichin, in occasione di Buonissima 2024, parteciper\u00e0 a Metti Torino a cena, con un menu dedicato e uno chef ospite. Scopri di pi\u00f9","breadcrumb":{"@id":"https:\/\/buonissimatorino.it\/edizione-2024\/ristoranti\/birichin\/#breadcrumb"},"inLanguage":"it-IT","potentialAction":[{"@type":"ReadAction","target":["https:\/\/buonissimatorino.it\/edizione-2024\/ristoranti\/birichin\/"]}]},{"@type":"ImageObject","inLanguage":"it-IT","@id":"https:\/\/buonissimatorino.it\/edizione-2024\/ristoranti\/birichin\/#primaryimage","url":"https:\/\/buonissimatorino.it\/edizione-2024\/wp-content\/uploads\/2024\/10\/Birichin.webp","contentUrl":"https:\/\/buonissimatorino.it\/edizione-2024\/wp-content\/uploads\/2024\/10\/Birichin.webp","width":1080,"height":1080,"caption":"Birichin locale partecipante a metti torino a cena"},{"@type":"BreadcrumbList","@id":"https:\/\/buonissimatorino.it\/edizione-2024\/ristoranti\/birichin\/#breadcrumb","itemListElement":[{"@type":"ListItem","position":1,"name":"Home","item":"https:\/\/buonissimatorino.it\/edizione-2024\/"},{"@type":"ListItem","position":2,"name":"Ristoranti","item":"https:\/\/buonissimatorino.it\/edizione-2024\/en\/ristoranti\/"},{"@type":"ListItem","position":3,"name":"Birichin"}]},{"@type":"WebSite","@id":"https:\/\/buonissimatorino.it\/edizione-2024\/#website","url":"https:\/\/buonissimatorino.it\/edizione-2024\/","name":"Buonissima Torino 2024","description":"Cibo, Arte e Bellezza","publisher":{"@id":"https:\/\/buonissimatorino.it\/edizione-2024\/#organization"},"potentialAction":[{"@type":"SearchAction","target":{"@type":"EntryPoint","urlTemplate":"https:\/\/buonissimatorino.it\/edizione-2024\/?s={search_term_string}"},"query-input":{"@type":"PropertyValueSpecification","valueRequired":true,"valueName":"search_term_string"}}],"inLanguage":"it-IT"},{"@type":"Organization","@id":"https:\/\/buonissimatorino.it\/edizione-2024\/#organization","name":"Buonissima Torino 2024","url":"https:\/\/buonissimatorino.it\/edizione-2024\/","logo":{"@type":"ImageObject","inLanguage":"it-IT","@id":"https:\/\/buonissimatorino.it\/edizione-2024\/#\/schema\/logo\/image\/","url":"https:\/\/buonissimatorino.it\/edizione-2024\/wp-content\/uploads\/2024\/05\/Buonissima-Logo.png","contentUrl":"https:\/\/buonissimatorino.it\/edizione-2024\/wp-content\/uploads\/2024\/05\/Buonissima-Logo.png","width":350,"height":100,"caption":"Buonissima Torino 2024"},"image":{"@id":"https:\/\/buonissimatorino.it\/edizione-2024\/#\/schema\/logo\/image\/"}}]}},"_links":{"self":[{"href":"https:\/\/buonissimatorino.it\/edizione-2024\/wp-json\/wp\/v2\/ristoranti\/6631","targetHints":{"allow":["GET"]}}],"collection":[{"href":"https:\/\/buonissimatorino.it\/edizione-2024\/wp-json\/wp\/v2\/ristoranti"}],"about":[{"href":"https:\/\/buonissimatorino.it\/edizione-2024\/wp-json\/wp\/v2\/types\/ristoranti"}],"version-history":[{"count":22,"href":"https:\/\/buonissimatorino.it\/edizione-2024\/wp-json\/wp\/v2\/ristoranti\/6631\/revisions"}],"predecessor-version":[{"id":8577,"href":"https:\/\/buonissimatorino.it\/edizione-2024\/wp-json\/wp\/v2\/ristoranti\/6631\/revisions\/8577"}],"wp:featuredmedia":[{"embeddable":true,"href":"https:\/\/buonissimatorino.it\/edizione-2024\/wp-json\/wp\/v2\/media\/6684"}],"wp:attachment":[{"href":"https:\/\/buonissimatorino.it\/edizione-2024\/wp-json\/wp\/v2\/media?parent=6631"}],"wp:term":[{"taxonomy":"category","embeddable":true,"href":"https:\/\/buonissimatorino.it\/edizione-2024\/wp-json\/wp\/v2\/categories?post=6631"},{"taxonomy":"post_tag","embeddable":true,"href":"https:\/\/buonissimatorino.it\/edizione-2024\/wp-json\/wp\/v2\/tags?post=6631"}],"curies":[{"name":"wp","href":"https:\/\/api.w.org\/{rel}","templated":true}]}}