{"id":7272,"date":"2024-10-02T16:19:14","date_gmt":"2024-10-02T14:19:14","guid":{"rendered":"https:\/\/buonissimatorino.it\/edizione-2024\/?post_type=ristoranti&#038;p=7272"},"modified":"2024-10-22T12:29:59","modified_gmt":"2024-10-22T10:29:59","slug":"le-vitel-etonne","status":"publish","type":"ristoranti","link":"https:\/\/buonissimatorino.it\/edizione-2024\/en\/ristoranti\/le-vitel-etonne\/","title":{"rendered":"Le Vitel Etonn\u00e9"},"content":{"rendered":"<div data-elementor-type=\"wp-post\" data-elementor-id=\"7272\" class=\"elementor elementor-7272\" data-elementor-post-type=\"ristoranti\">\n\t\t\t\t<div class=\"elementor-element elementor-element-183b1520 e-flex e-con-boxed e-con e-parent\" data-id=\"183b1520\" data-element_type=\"container\">\n\t\t\t\t\t<div class=\"e-con-inner\">\n\t\t\t\t<div class=\"elementor-element elementor-element-14b69ec4 elementor-widget elementor-widget-text-editor\" data-id=\"14b69ec4\" data-element_type=\"widget\" data-widget_type=\"text-editor.default\">\n\t\t\t\t<div class=\"elementor-widget-container\">\n\t\t\t\t\t\t\t\t\t<p>Bob Noto, genius and exceptional gourmet, but above all a sincere lifelong friend, to whom all our love and gratitude goes, is the creator of the splendid logo. The Vitello is called Gioele and the name Le Vitel Etonn\u00e9 is a play: Gioele&#039;s &quot;astonished&quot; expression and the very Piedmontese vitel tonn\u00e9, our now cult dish since 2001, the year we opened<br \/>Our dishes are born from the Piedmontese tradition with Mediterranean influences and attention to the tastes of vegetarians and vegans. The search for the best raw materials, respecting the territory and the season is part of our commitment and our passion and we have shared this research with our suppliers, loyal and friends, for many years.<\/p>\t\t\t\t\t\t\t\t<\/div>\n\t\t\t\t<\/div>\n\t\t<div class=\"elementor-element elementor-element-0732746 e-con-full e-flex e-con e-child\" data-id=\"0732746\" data-element_type=\"container\">\n\t\t\t\t<div class=\"elementor-element elementor-element-415d128 elementor-widget__width-inherit elementor-widget elementor-widget-heading\" data-id=\"415d128\" data-element_type=\"widget\" data-widget_type=\"heading.default\">\n\t\t\t\t<div class=\"elementor-widget-container\">\n\t\t\t\t\t<h3 class=\"elementor-heading-title elementor-size-default\">Metti Torino a cena<\/h3>\t\t\t\t<\/div>\n\t\t\t\t<\/div>\n\t\t\t\t<div class=\"elementor-element elementor-element-a75bb4b elementor-widget__width-inherit elementor-widget elementor-widget-heading\" data-id=\"a75bb4b\" data-element_type=\"widget\" data-widget_type=\"heading.default\">\n\t\t\t\t<div class=\"elementor-widget-container\">\n\t\t\t\t\t<h5 class=\"elementor-heading-title elementor-size-default\">la cena a 4 mani<\/h5>\t\t\t\t<\/div>\n\t\t\t\t<\/div>\n\t\t\t\t<div class=\"elementor-element elementor-element-a57f6f3 elementor-widget elementor-widget-text-editor\" data-id=\"a57f6f3\" data-element_type=\"widget\" data-widget_type=\"text-editor.default\">\n\t\t\t\t<div class=\"elementor-widget-container\">\n\t\t\t\t\t\t\t\t\t&#8211; Sabato 26 ottobre &#8211; ore 20:00\t\t\t\t\t\t\t\t<\/div>\n\t\t\t\t<\/div>\n\t\t\t\t<div class=\"elementor-element elementor-element-95a9dde elenco-paragrafo elementor-widget elementor-widget-text-editor\" data-id=\"95a9dde\" data-element_type=\"widget\" data-widget_type=\"text-editor.default\">\n\t\t\t\t<div class=\"elementor-widget-container\">\n\t\t\t\t\t\t\t\t\t<p><strong>Dedicated menu:<\/strong><\/p><p>The menu of the Piedmontese mixed fried food and its large 4 courses<\/p><ul><li><strong>Carmagnola Grey Rabbit<br \/><\/strong><em>Brain, Fennel, Pumpkin, Amaretto<\/em><\/li><li><strong>Lamb<\/strong><em><strong><br \/><\/strong><em>Batsoa, Filone, Cauliflower, Semolina<\/em><\/em><\/li><li><strong>Liver<\/strong><em><strong><br \/><\/strong>Bra Sausage, Porcini Mushrooms, Jerusalem Artichoke or Artichoke (depends on the cold, yes), Pears<\/em><\/li><li><strong>Quail legs<br \/><\/strong><em>Cherasco Snails, Costa Bianca or Cardo Gobbo di Nizza (always depending on the climate), Grive, Apples<\/em><strong><br \/><\/strong><\/li><\/ul><p><strong>\u20ac60.00 pp excluding wines<\/strong><\/p>\t\t\t\t\t\t\t\t<\/div>\n\t\t\t\t<\/div>\n\t\t\t\t<div class=\"elementor-element elementor-element-39f4965 elementor-grid-2 elementor-grid-tablet-2 elementor-grid-mobile-1 elementor-widget elementor-widget-loop-grid\" data-id=\"39f4965\" data-element_type=\"widget\" data-settings=\"{&quot;template_id&quot;:&quot;5267&quot;,&quot;columns&quot;:2,&quot;_skin&quot;:&quot;post&quot;,&quot;columns_tablet&quot;:&quot;2&quot;,&quot;columns_mobile&quot;:&quot;1&quot;,&quot;edit_handle_selector&quot;:&quot;[data-elementor-type=\\&quot;loop-item\\&quot;]&quot;,&quot;row_gap&quot;:{&quot;unit&quot;:&quot;px&quot;,&quot;size&quot;:&quot;&quot;,&quot;sizes&quot;:[]},&quot;row_gap_widescreen&quot;:{&quot;unit&quot;:&quot;px&quot;,&quot;size&quot;:&quot;&quot;,&quot;sizes&quot;:[]},&quot;row_gap_tablet&quot;:{&quot;unit&quot;:&quot;px&quot;,&quot;size&quot;:&quot;&quot;,&quot;sizes&quot;:[]},&quot;row_gap_mobile&quot;:{&quot;unit&quot;:&quot;px&quot;,&quot;size&quot;:&quot;&quot;,&quot;sizes&quot;:[]}}\" data-widget_type=\"loop-grid.post\">\n\t\t\t\t<div class=\"elementor-widget-container\">\n\t\t\t\t\t\t\t<div class=\"elementor-loop-container elementor-grid\" role=\"list\">\n\t\t<style id=\"loop-5267\">.elementor-5267 .elementor-element.elementor-element-68474cec{--display:flex;--flex-direction:column;--container-widget-width:100%;--container-widget-height:initial;--container-widget-flex-grow:0;--container-widget-align-self:initial;--flex-wrap-mobile:wrap;--gap:10px 10px;--row-gap:10px;--column-gap:10px;--padding-top:0px;--padding-bottom:0px;--padding-left:0px;--padding-right:0px;}.elementor-widget-image .widget-image-caption{color:var( --e-global-color-text );}.elementor-widget-theme-post-title .elementor-heading-title{color:var( --e-global-color-primary );}.elementor-5267 .elementor-element.elementor-element-56557e4 > .elementor-widget-container{margin:0px 0px -10px 0px;}.elementor-5267 .elementor-element.elementor-element-56557e4 .elementor-heading-title{font-size:24px;font-weight:800;text-transform:uppercase;color:var( --e-global-color-text );}.elementor-widget-text-editor{color:var( --e-global-color-text );}.elementor-widget-text-editor.elementor-drop-cap-view-stacked .elementor-drop-cap{background-color:var( --e-global-color-primary );}.elementor-widget-text-editor.elementor-drop-cap-view-framed .elementor-drop-cap, .elementor-widget-text-editor.elementor-drop-cap-view-default .elementor-drop-cap{color:var( --e-global-color-primary );border-color:var( --e-global-color-primary );}.elementor-5267 .elementor-element.elementor-element-86ff771 > .elementor-widget-container{margin:-5px 0px 0px 0px;}.elementor-5267 .elementor-element.elementor-element-86ff771{font-size:18px;font-weight:400;}.elementor-5267 .elementor-element.elementor-element-df3b106{--display:flex;--flex-direction:row;--container-widget-width:initial;--container-widget-height:100%;--container-widget-flex-grow:1;--container-widget-align-self:stretch;--flex-wrap-mobile:wrap;--gap:5px 5px;--row-gap:5px;--column-gap:5px;--padding-top:0px;--padding-bottom:0px;--padding-left:0px;--padding-right:0px;}.elementor-5267 .elementor-element.elementor-element-10de943 > .elementor-widget-container{margin:0px 5px 0px 0px;}.elementor-5267 .elementor-element.elementor-element-10de943.elementor-element{--align-self:center;}.elementor-5267 .elementor-element.elementor-element-10de943{font-size:16px;font-weight:400;color:var( --e-global-color-text );}.elementor-5267 .elementor-element.elementor-element-c191ae1 img{width:100%;max-width:25px;}.elementor-5267 .elementor-element.elementor-element-a0d8bc3 img{width:100%;max-width:25px;}.elementor-5267 .elementor-element.elementor-element-240b448 img{width:100%;max-width:25px;}.elementor-5267 .elementor-element.elementor-element-3d29aaf img{width:100%;max-width:25px;}<\/style>\t\t<div data-elementor-type=\"loop-item\" data-elementor-id=\"5267\" class=\"elementor elementor-5267 e-loop-item e-loop-item-7286 post-7286 team type-team status-publish has-post-thumbnail hentry team_category-metti-torino-a-cena\" data-elementor-post-type=\"elementor_library\" data-custom-edit-handle=\"1\">\n\t\t\t<div class=\"elementor-element elementor-element-68474cec e-flex e-con-boxed e-con e-parent\" data-id=\"68474cec\" data-element_type=\"container\">\n\t\t\t\t\t<div class=\"e-con-inner\">\n\t\t\t\t<div class=\"elementor-element elementor-element-18929d8 elementor-widget elementor-widget-image\" data-id=\"18929d8\" data-element_type=\"widget\" data-widget_type=\"image.default\">\n\t\t\t\t<div class=\"elementor-widget-container\">\n\t\t\t\t\t\t\t\t\t\t\t\t\t\t\t\t<a href=\"https:\/\/buonissimatorino.it\/edizione-2024\/en\/Ospiti\/massimiliano-brunetto\/\">\n\t\t\t\t\t\t\t<img fetchpriority=\"high\" decoding=\"async\" width=\"768\" height=\"768\" src=\"https:\/\/buonissimatorino.it\/edizione-2024\/wp-content\/uploads\/2024\/10\/Massimiliano-Brunetto-768x768.webp\" class=\"attachment-medium_large size-medium_large wp-image-7289\" alt=\"Massimiliano Brunetto - ristorante Le Vitel Etonn\u00e9\" srcset=\"https:\/\/buonissimatorino.it\/edizione-2024\/wp-content\/uploads\/2024\/10\/Massimiliano-Brunetto-768x768.webp 768w, https:\/\/buonissimatorino.it\/edizione-2024\/wp-content\/uploads\/2024\/10\/Massimiliano-Brunetto-300x300.webp 300w, https:\/\/buonissimatorino.it\/edizione-2024\/wp-content\/uploads\/2024\/10\/Massimiliano-Brunetto-150x150.webp 150w, https:\/\/buonissimatorino.it\/edizione-2024\/wp-content\/uploads\/2024\/10\/Massimiliano-Brunetto-12x12.webp 12w, https:\/\/buonissimatorino.it\/edizione-2024\/wp-content\/uploads\/2024\/10\/Massimiliano-Brunetto.webp 1080w\" sizes=\"(max-width: 768px) 100vw, 768px\" \/>\t\t\t\t\t\t\t\t<\/a>\n\t\t\t\t\t\t\t\t\t\t\t\t\t\t\t<\/div>\n\t\t\t\t<\/div>\n\t\t\t\t<div class=\"elementor-element elementor-element-56557e4 elementor-widget elementor-widget-theme-post-title elementor-page-title elementor-widget-heading\" data-id=\"56557e4\" data-element_type=\"widget\" data-widget_type=\"theme-post-title.default\">\n\t\t\t\t<div class=\"elementor-widget-container\">\n\t\t\t\t\t<h5 class=\"elementor-heading-title elementor-size-default\"><a href=\"https:\/\/buonissimatorino.it\/edizione-2024\/en\/Ospiti\/massimiliano-brunetto\/\">Massimiliano Brunetto<\/a><\/h5>\t\t\t\t<\/div>\n\t\t\t\t<\/div>\n\t\t\t\t<div class=\"elementor-element elementor-element-86ff771 elementor-widget elementor-widget-text-editor\" data-id=\"86ff771\" data-element_type=\"widget\" data-widget_type=\"text-editor.default\">\n\t\t\t\t<div class=\"elementor-widget-container\">\n\t\t\t\t\t\t\t\t\tLe Vitel Etonn\u00e9, Turin, Italy\t\t\t\t\t\t\t\t<\/div>\n\t\t\t\t<\/div>\n\t\t<div class=\"elementor-element elementor-element-df3b106 e-con-full e-flex e-con e-child\" data-id=\"df3b106\" data-element_type=\"container\">\n\t\t\t\t<\/div>\n\t\t\t\t\t<\/div>\n\t\t\t\t<\/div>\n\t\t\t\t<\/div>\n\t\t\t\t<div data-elementor-type=\"loop-item\" data-elementor-id=\"5267\" class=\"elementor elementor-5267 e-loop-item e-loop-item-7300 post-7300 team type-team status-publish has-post-thumbnail hentry team_category-metti-torino-a-cena\" data-elementor-post-type=\"elementor_library\" data-custom-edit-handle=\"1\">\n\t\t\t<div class=\"elementor-element elementor-element-68474cec e-flex e-con-boxed e-con e-parent\" data-id=\"68474cec\" data-element_type=\"container\">\n\t\t\t\t\t<div class=\"e-con-inner\">\n\t\t\t\t<div class=\"elementor-element elementor-element-18929d8 elementor-widget elementor-widget-image\" data-id=\"18929d8\" data-element_type=\"widget\" data-widget_type=\"image.default\">\n\t\t\t\t<div class=\"elementor-widget-container\">\n\t\t\t\t\t\t\t\t\t\t\t\t\t\t\t\t<a href=\"https:\/\/buonissimatorino.it\/edizione-2024\/en\/Ospiti\/sebastian-melita\/\">\n\t\t\t\t\t\t\t<img decoding=\"async\" width=\"768\" height=\"768\" src=\"https:\/\/buonissimatorino.it\/edizione-2024\/wp-content\/uploads\/2024\/10\/Sebastian-Melita-768x768.webp\" class=\"attachment-medium_large size-medium_large wp-image-7302\" alt=\"Sebastian Melita - ristorante Battaglino\" srcset=\"https:\/\/buonissimatorino.it\/edizione-2024\/wp-content\/uploads\/2024\/10\/Sebastian-Melita-768x768.webp 768w, https:\/\/buonissimatorino.it\/edizione-2024\/wp-content\/uploads\/2024\/10\/Sebastian-Melita-300x300.webp 300w, https:\/\/buonissimatorino.it\/edizione-2024\/wp-content\/uploads\/2024\/10\/Sebastian-Melita-150x150.webp 150w, https:\/\/buonissimatorino.it\/edizione-2024\/wp-content\/uploads\/2024\/10\/Sebastian-Melita-12x12.webp 12w, https:\/\/buonissimatorino.it\/edizione-2024\/wp-content\/uploads\/2024\/10\/Sebastian-Melita.webp 1080w\" sizes=\"(max-width: 768px) 100vw, 768px\" \/>\t\t\t\t\t\t\t\t<\/a>\n\t\t\t\t\t\t\t\t\t\t\t\t\t\t\t<\/div>\n\t\t\t\t<\/div>\n\t\t\t\t<div class=\"elementor-element elementor-element-56557e4 elementor-widget elementor-widget-theme-post-title elementor-page-title elementor-widget-heading\" data-id=\"56557e4\" data-element_type=\"widget\" data-widget_type=\"theme-post-title.default\">\n\t\t\t\t<div class=\"elementor-widget-container\">\n\t\t\t\t\t<h5 class=\"elementor-heading-title elementor-size-default\"><a href=\"https:\/\/buonissimatorino.it\/edizione-2024\/en\/Ospiti\/sebastian-melita\/\">Sebastian Melita<\/a><\/h5>\t\t\t\t<\/div>\n\t\t\t\t<\/div>\n\t\t\t\t<div class=\"elementor-element elementor-element-86ff771 elementor-widget elementor-widget-text-editor\" data-id=\"86ff771\" data-element_type=\"widget\" data-widget_type=\"text-editor.default\">\n\t\t\t\t<div class=\"elementor-widget-container\">\n\t\t\t\t\t\t\t\t\tRistorante Battaglino, Bra, Italy\t\t\t\t\t\t\t\t<\/div>\n\t\t\t\t<\/div>\n\t\t<div class=\"elementor-element elementor-element-df3b106 e-con-full e-flex e-con e-child\" data-id=\"df3b106\" data-element_type=\"container\">\n\t\t\t\t<\/div>\n\t\t\t\t\t<\/div>\n\t\t\t\t<\/div>\n\t\t\t\t<\/div>\n\t\t\t\t<\/div>\n\t\t\n\t\t\t\t\t\t<\/div>\n\t\t\t\t<\/div>\n\t\t\t\t<\/div>\n\t\t\t\t\t<\/div>\n\t\t\t\t<\/div>\n\t\t\t\t<\/div>","protected":false},"excerpt":{"rendered":"<p>Bob Noto, genio e gourmet eccezionale, ma soprattutto amico sincero di una vita, a cui va tutto il nostro amore e la nostra gratitudine, \u00e8 l\u2019ideatore dello splendido logo. Il Vitello si chiama Gioele e il nome Le Vitel Etonn\u00e9 \u00e8 un gioco: l\u2019espressione \u201cstupita\u201d di Gioele e il piemontesissimo vitel tonn\u00e9, nostro piatto ormai [&hellip;]<\/p>","protected":false},"featured_media":7283,"template":"","meta":{"_acf_changed":false},"categories":[1],"tags":[],"class_list":["post-7272","ristoranti","type-ristoranti","status-publish","has-post-thumbnail","hentry","category-metti-torino-a-cena"],"acf":[],"yoast_head":"<!-- This site is optimized with the Yoast SEO plugin v26.4 - https:\/\/yoast.com\/wordpress\/plugins\/seo\/ -->\n<title>Le Vitel Etonn\u00e9 - Buonissima Torino 2024<\/title>\n<meta name=\"description\" content=\"Le Vitel Etonn\u00e9, in occasione di Buonissima 2024, parteciper\u00e0 a Metti Torino a cena, con un menu dedicato e uno chef ospite. Scopri di pi\u00f9\" \/>\n<meta name=\"robots\" content=\"noindex, follow, max-snippet:-1, max-image-preview:large, max-video-preview:-1\" \/>\n<meta property=\"og:locale\" content=\"en_GB\" \/>\n<meta property=\"og:type\" content=\"article\" \/>\n<meta property=\"og:title\" content=\"Le Vitel Etonn\u00e9 - Buonissima Torino 2024\" \/>\n<meta property=\"og:description\" content=\"Le Vitel Etonn\u00e9, in occasione di Buonissima 2024, parteciper\u00e0 a Metti Torino a cena, con un menu dedicato e uno chef ospite. Scopri di pi\u00f9\" \/>\n<meta property=\"og:url\" content=\"https:\/\/buonissimatorino.it\/edizione-2024\/en\/ristoranti\/le-vitel-etonne\/\" \/>\n<meta property=\"og:site_name\" content=\"Buonissima Torino 2024\" \/>\n<meta property=\"article:modified_time\" content=\"2024-10-22T10:29:59+00:00\" \/>\n<meta property=\"og:image\" content=\"https:\/\/buonissimatorino.it\/edizione-2024\/wp-content\/uploads\/2024\/10\/Le-Vitel-Etonne-.webp\" \/>\n\t<meta property=\"og:image:width\" content=\"1080\" \/>\n\t<meta property=\"og:image:height\" content=\"1080\" \/>\n\t<meta property=\"og:image:type\" content=\"image\/webp\" \/>\n<meta name=\"twitter:card\" content=\"summary_large_image\" \/>\n<meta name=\"twitter:label1\" content=\"Est. reading time\" \/>\n\t<meta name=\"twitter:data1\" content=\"2 minutes\" \/>\n<script type=\"application\/ld+json\" class=\"yoast-schema-graph\">{\"@context\":\"https:\/\/schema.org\",\"@graph\":[{\"@type\":\"WebPage\",\"@id\":\"https:\/\/buonissimatorino.it\/edizione-2024\/ristoranti\/le-vitel-etonne\/\",\"url\":\"https:\/\/buonissimatorino.it\/edizione-2024\/ristoranti\/le-vitel-etonne\/\",\"name\":\"Le Vitel Etonn\u00e9 - Buonissima Torino 2024\",\"isPartOf\":{\"@id\":\"https:\/\/buonissimatorino.it\/edizione-2024\/#website\"},\"primaryImageOfPage\":{\"@id\":\"https:\/\/buonissimatorino.it\/edizione-2024\/ristoranti\/le-vitel-etonne\/#primaryimage\"},\"image\":{\"@id\":\"https:\/\/buonissimatorino.it\/edizione-2024\/ristoranti\/le-vitel-etonne\/#primaryimage\"},\"thumbnailUrl\":\"https:\/\/buonissimatorino.it\/edizione-2024\/wp-content\/uploads\/2024\/10\/Le-Vitel-Etonne-.webp\",\"datePublished\":\"2024-10-02T14:19:14+00:00\",\"dateModified\":\"2024-10-22T10:29:59+00:00\",\"description\":\"Le Vitel Etonn\u00e9, in occasione di Buonissima 2024, parteciper\u00e0 a Metti Torino a cena, con un menu dedicato e uno chef ospite. Scopri di pi\u00f9\",\"breadcrumb\":{\"@id\":\"https:\/\/buonissimatorino.it\/edizione-2024\/ristoranti\/le-vitel-etonne\/#breadcrumb\"},\"inLanguage\":\"en-GB\",\"potentialAction\":[{\"@type\":\"ReadAction\",\"target\":[\"https:\/\/buonissimatorino.it\/edizione-2024\/ristoranti\/le-vitel-etonne\/\"]}]},{\"@type\":\"ImageObject\",\"inLanguage\":\"en-GB\",\"@id\":\"https:\/\/buonissimatorino.it\/edizione-2024\/ristoranti\/le-vitel-etonne\/#primaryimage\",\"url\":\"https:\/\/buonissimatorino.it\/edizione-2024\/wp-content\/uploads\/2024\/10\/Le-Vitel-Etonne-.webp\",\"contentUrl\":\"https:\/\/buonissimatorino.it\/edizione-2024\/wp-content\/uploads\/2024\/10\/Le-Vitel-Etonne-.webp\",\"width\":1080,\"height\":1080,\"caption\":\"Le Vitel Etonne - Metti Torino a Cena, Cena a 4 mani - Buonissima 2024\"},{\"@type\":\"BreadcrumbList\",\"@id\":\"https:\/\/buonissimatorino.it\/edizione-2024\/ristoranti\/le-vitel-etonne\/#breadcrumb\",\"itemListElement\":[{\"@type\":\"ListItem\",\"position\":1,\"name\":\"Home\",\"item\":\"https:\/\/buonissimatorino.it\/edizione-2024\/\"},{\"@type\":\"ListItem\",\"position\":2,\"name\":\"Ristoranti\",\"item\":\"https:\/\/buonissimatorino.it\/edizione-2024\/en\/ristoranti\/\"},{\"@type\":\"ListItem\",\"position\":3,\"name\":\"Le Vitel Etonn\u00e9\"}]},{\"@type\":\"WebSite\",\"@id\":\"https:\/\/buonissimatorino.it\/edizione-2024\/#website\",\"url\":\"https:\/\/buonissimatorino.it\/edizione-2024\/\",\"name\":\"Buonissima Torino 2024\",\"description\":\"Cibo, Arte e Bellezza\",\"publisher\":{\"@id\":\"https:\/\/buonissimatorino.it\/edizione-2024\/#organization\"},\"potentialAction\":[{\"@type\":\"SearchAction\",\"target\":{\"@type\":\"EntryPoint\",\"urlTemplate\":\"https:\/\/buonissimatorino.it\/edizione-2024\/?s={search_term_string}\"},\"query-input\":{\"@type\":\"PropertyValueSpecification\",\"valueRequired\":true,\"valueName\":\"search_term_string\"}}],\"inLanguage\":\"en-GB\"},{\"@type\":\"Organization\",\"@id\":\"https:\/\/buonissimatorino.it\/edizione-2024\/#organization\",\"name\":\"Buonissima Torino 2024\",\"url\":\"https:\/\/buonissimatorino.it\/edizione-2024\/\",\"logo\":{\"@type\":\"ImageObject\",\"inLanguage\":\"en-GB\",\"@id\":\"https:\/\/buonissimatorino.it\/edizione-2024\/#\/schema\/logo\/image\/\",\"url\":\"https:\/\/buonissimatorino.it\/edizione-2024\/wp-content\/uploads\/2024\/05\/Buonissima-Logo.png\",\"contentUrl\":\"https:\/\/buonissimatorino.it\/edizione-2024\/wp-content\/uploads\/2024\/05\/Buonissima-Logo.png\",\"width\":350,\"height\":100,\"caption\":\"Buonissima Torino 2024\"},\"image\":{\"@id\":\"https:\/\/buonissimatorino.it\/edizione-2024\/#\/schema\/logo\/image\/\"}}]}<\/script>\n<!-- \/ Yoast SEO plugin. -->","yoast_head_json":{"title":"Le Vitel Etonn\u00e9 - Buonissima Torino 2024","description":"Le Vitel Etonn\u00e9, in occasione di Buonissima 2024, parteciper\u00e0 a Metti Torino a cena, con un menu dedicato e uno chef ospite. Scopri di pi\u00f9","robots":{"index":"noindex","follow":"follow","max-snippet":"max-snippet:-1","max-image-preview":"max-image-preview:large","max-video-preview":"max-video-preview:-1"},"og_locale":"en_GB","og_type":"article","og_title":"Le Vitel Etonn\u00e9 - Buonissima Torino 2024","og_description":"Le Vitel Etonn\u00e9, in occasione di Buonissima 2024, parteciper\u00e0 a Metti Torino a cena, con un menu dedicato e uno chef ospite. Scopri di pi\u00f9","og_url":"https:\/\/buonissimatorino.it\/edizione-2024\/en\/ristoranti\/le-vitel-etonne\/","og_site_name":"Buonissima Torino 2024","article_modified_time":"2024-10-22T10:29:59+00:00","og_image":[{"width":1080,"height":1080,"url":"https:\/\/buonissimatorino.it\/edizione-2024\/wp-content\/uploads\/2024\/10\/Le-Vitel-Etonne-.webp","type":"image\/webp"}],"twitter_card":"summary_large_image","twitter_misc":{"Est. reading time":"2 minutes"},"schema":{"@context":"https:\/\/schema.org","@graph":[{"@type":"WebPage","@id":"https:\/\/buonissimatorino.it\/edizione-2024\/ristoranti\/le-vitel-etonne\/","url":"https:\/\/buonissimatorino.it\/edizione-2024\/ristoranti\/le-vitel-etonne\/","name":"Le Vitel Etonn\u00e9 - Buonissima Torino 2024","isPartOf":{"@id":"https:\/\/buonissimatorino.it\/edizione-2024\/#website"},"primaryImageOfPage":{"@id":"https:\/\/buonissimatorino.it\/edizione-2024\/ristoranti\/le-vitel-etonne\/#primaryimage"},"image":{"@id":"https:\/\/buonissimatorino.it\/edizione-2024\/ristoranti\/le-vitel-etonne\/#primaryimage"},"thumbnailUrl":"https:\/\/buonissimatorino.it\/edizione-2024\/wp-content\/uploads\/2024\/10\/Le-Vitel-Etonne-.webp","datePublished":"2024-10-02T14:19:14+00:00","dateModified":"2024-10-22T10:29:59+00:00","description":"Le Vitel Etonn\u00e9, in occasione di Buonissima 2024, parteciper\u00e0 a Metti Torino a cena, con un menu dedicato e uno chef ospite. Scopri di pi\u00f9","breadcrumb":{"@id":"https:\/\/buonissimatorino.it\/edizione-2024\/ristoranti\/le-vitel-etonne\/#breadcrumb"},"inLanguage":"en-GB","potentialAction":[{"@type":"ReadAction","target":["https:\/\/buonissimatorino.it\/edizione-2024\/ristoranti\/le-vitel-etonne\/"]}]},{"@type":"ImageObject","inLanguage":"en-GB","@id":"https:\/\/buonissimatorino.it\/edizione-2024\/ristoranti\/le-vitel-etonne\/#primaryimage","url":"https:\/\/buonissimatorino.it\/edizione-2024\/wp-content\/uploads\/2024\/10\/Le-Vitel-Etonne-.webp","contentUrl":"https:\/\/buonissimatorino.it\/edizione-2024\/wp-content\/uploads\/2024\/10\/Le-Vitel-Etonne-.webp","width":1080,"height":1080,"caption":"Le Vitel Etonne - Metti Torino a Cena, Cena a 4 mani - Buonissima 2024"},{"@type":"BreadcrumbList","@id":"https:\/\/buonissimatorino.it\/edizione-2024\/ristoranti\/le-vitel-etonne\/#breadcrumb","itemListElement":[{"@type":"ListItem","position":1,"name":"Home","item":"https:\/\/buonissimatorino.it\/edizione-2024\/"},{"@type":"ListItem","position":2,"name":"Ristoranti","item":"https:\/\/buonissimatorino.it\/edizione-2024\/en\/ristoranti\/"},{"@type":"ListItem","position":3,"name":"Le Vitel Etonn\u00e9"}]},{"@type":"WebSite","@id":"https:\/\/buonissimatorino.it\/edizione-2024\/#website","url":"https:\/\/buonissimatorino.it\/edizione-2024\/","name":"Very good Turin 2024","description":"Food, Art and Beauty","publisher":{"@id":"https:\/\/buonissimatorino.it\/edizione-2024\/#organization"},"potentialAction":[{"@type":"SearchAction","target":{"@type":"EntryPoint","urlTemplate":"https:\/\/buonissimatorino.it\/edizione-2024\/?s={search_term_string}"},"query-input":{"@type":"PropertyValueSpecification","valueRequired":true,"valueName":"search_term_string"}}],"inLanguage":"en-GB"},{"@type":"Organization","@id":"https:\/\/buonissimatorino.it\/edizione-2024\/#organization","name":"Very good Turin 2024","url":"https:\/\/buonissimatorino.it\/edizione-2024\/","logo":{"@type":"ImageObject","inLanguage":"en-GB","@id":"https:\/\/buonissimatorino.it\/edizione-2024\/#\/schema\/logo\/image\/","url":"https:\/\/buonissimatorino.it\/edizione-2024\/wp-content\/uploads\/2024\/05\/Buonissima-Logo.png","contentUrl":"https:\/\/buonissimatorino.it\/edizione-2024\/wp-content\/uploads\/2024\/05\/Buonissima-Logo.png","width":350,"height":100,"caption":"Buonissima Torino 2024"},"image":{"@id":"https:\/\/buonissimatorino.it\/edizione-2024\/#\/schema\/logo\/image\/"}}]}},"_links":{"self":[{"href":"https:\/\/buonissimatorino.it\/edizione-2024\/en\/wp-json\/wp\/v2\/ristoranti\/7272","targetHints":{"allow":["GET"]}}],"collection":[{"href":"https:\/\/buonissimatorino.it\/edizione-2024\/en\/wp-json\/wp\/v2\/ristoranti"}],"about":[{"href":"https:\/\/buonissimatorino.it\/edizione-2024\/en\/wp-json\/wp\/v2\/types\/ristoranti"}],"version-history":[{"count":15,"href":"https:\/\/buonissimatorino.it\/edizione-2024\/en\/wp-json\/wp\/v2\/ristoranti\/7272\/revisions"}],"predecessor-version":[{"id":8493,"href":"https:\/\/buonissimatorino.it\/edizione-2024\/en\/wp-json\/wp\/v2\/ristoranti\/7272\/revisions\/8493"}],"wp:featuredmedia":[{"embeddable":true,"href":"https:\/\/buonissimatorino.it\/edizione-2024\/en\/wp-json\/wp\/v2\/media\/7283"}],"wp:attachment":[{"href":"https:\/\/buonissimatorino.it\/edizione-2024\/en\/wp-json\/wp\/v2\/media?parent=7272"}],"wp:term":[{"taxonomy":"category","embeddable":true,"href":"https:\/\/buonissimatorino.it\/edizione-2024\/en\/wp-json\/wp\/v2\/categories?post=7272"},{"taxonomy":"post_tag","embeddable":true,"href":"https:\/\/buonissimatorino.it\/edizione-2024\/en\/wp-json\/wp\/v2\/tags?post=7272"}],"curies":[{"name":"wp","href":"https:\/\/api.w.org\/{rel}","templated":true}]}}